{"id":1278,"date":"2021-10-08T11:12:00","date_gmt":"2021-10-08T09:12:00","guid":{"rendered":"http:\/\/hillerschevilla.de\/netzwerkstatt-blog\/?page_id=1278"},"modified":"2021-11-19T13:18:07","modified_gmt":"2021-11-19T12:18:07","slug":"fsj-politik-2","status":"publish","type":"page","link":"https:\/\/hillerschevilla.de\/netzwerkstatt-blog\/fsj-politik-2\/","title":{"rendered":"FSJ POLITIK"},"content":{"rendered":"\n<div class=\"wp-block-media-text alignwide has-media-on-the-right is-stacked-on-mobile\" style=\"grid-template-columns:auto 15%\"><figure class=\"wp-block-media-text__media\"><img decoding=\"async\" loading=\"lazy\" width=\"472\" height=\"469\" src=\"http:\/\/hillerschevilla.de\/netzwerkstatt-blog\/wp-content\/uploads\/2021\/10\/machenstattmeckernfsjlogo-1.jpeg\" alt=\"\" class=\"wp-image-1348 size-full\" srcset=\"https:\/\/hillerschevilla.de\/netzwerkstatt-blog\/wp-content\/uploads\/2021\/10\/machenstattmeckernfsjlogo-1.jpeg 472w, https:\/\/hillerschevilla.de\/netzwerkstatt-blog\/wp-content\/uploads\/2021\/10\/machenstattmeckernfsjlogo-1-221x220.jpeg 221w, https:\/\/hillerschevilla.de\/netzwerkstatt-blog\/wp-content\/uploads\/2021\/10\/machenstattmeckernfsjlogo-1-306x304.jpeg 306w, https:\/\/hillerschevilla.de\/netzwerkstatt-blog\/wp-content\/uploads\/2021\/10\/machenstattmeckernfsjlogo-1-151x150.jpeg 151w, https:\/\/hillerschevilla.de\/netzwerkstatt-blog\/wp-content\/uploads\/2021\/10\/machenstattmeckernfsjlogo-1-300x298.jpeg 300w, https:\/\/hillerschevilla.de\/netzwerkstatt-blog\/wp-content\/uploads\/2021\/10\/machenstattmeckernfsjlogo-1-150x150.jpeg 150w\" sizes=\"(max-width: 472px) 100vw, 472px\" \/><\/figure><div class=\"wp-block-media-text__content\">\n<p> Freiwillige Soziale Jahr im Bereich Politik gibt jungen Menschen zwischen 16 und 26 Jahren die M\u00f6glichkeit, Einblicke in die Arbeit politisch-gesellschaftlicher Institutionen zu bekommen. Die Freiwilligen engagieren sich in diesem Jahr bei einer Einsatzstelle, werden durch die <a rel=\"noreferrer noopener\" href=\"https:\/\/www.saechsische-jugendstiftung.de\/fsj-politik\" target=\"_blank\">S\u00e4chsische Jugendstiftung<\/a> betreut und nehmen an Seminartagen der Stiftung teil, wodurch sich zus\u00e4tzliche Bildungsm\u00f6glichkeiten ergeben. Seit \u00fcber 10 Jahren ist die NETZWERKSTATT der Hillerschen Villa Einsatzstelle f\u00fcr das FSJ Politik in Sachsen. Weiteres zu unseren FSJler:innen finden Sie auf der Seite <a rel=\"noreferrer noopener\" href=\"http:\/\/hillerschevilla.de\/netzwerkstatt-blog\/?page_id=1298\" target=\"_blank\">TEAM<\/a>.<\/p>\n<\/div><\/div>\n\n\n<ul class=\"wp-block-latest-posts__list is-grid columns-3 has-dates wp-block-latest-posts\"><li><div class=\"wp-block-latest-posts__featured-image\"><img src=\"https:\/\/hillerschevilla.de\/netzwerkstatt-blog\/wp-content\/uploads\/2022\/08\/Titelbild-2-290x163.jpg\" class=\"attachment-medium size-medium wp-post-image\" alt=\"\" decoding=\"async\" style=\"\" srcset=\"https:\/\/hillerschevilla.de\/netzwerkstatt-blog\/wp-content\/uploads\/2022\/08\/Titelbild-2-290x163.jpg 290w, https:\/\/hillerschevilla.de\/netzwerkstatt-blog\/wp-content\/uploads\/2022\/08\/Titelbild-2-449x253.jpg 449w, https:\/\/hillerschevilla.de\/netzwerkstatt-blog\/wp-content\/uploads\/2022\/08\/Titelbild-2-940x529.jpg 940w, https:\/\/hillerschevilla.de\/netzwerkstatt-blog\/wp-content\/uploads\/2022\/08\/Titelbild-2-768x432.jpg 768w, https:\/\/hillerschevilla.de\/netzwerkstatt-blog\/wp-content\/uploads\/2022\/08\/Titelbild-2-1536x864.jpg 1536w, https:\/\/hillerschevilla.de\/netzwerkstatt-blog\/wp-content\/uploads\/2022\/08\/Titelbild-2-2048x1152.jpg 2048w, https:\/\/hillerschevilla.de\/netzwerkstatt-blog\/wp-content\/uploads\/2022\/08\/Titelbild-2-211x119.jpg 211w\" sizes=\"(max-width: 290px) 100vw, 290px\" \/><\/div><a class=\"wp-block-latest-posts__post-title\" href=\"https:\/\/hillerschevilla.de\/netzwerkstatt-blog\/12-monate-in-der-hillerschen-villa\/\">So schnell kann\u2019s gehen? &#8211; 12 Monate FSJ Politik in der Hillerschen Villa<\/a><time datetime=\"2022-08-30T15:00:28+02:00\" class=\"wp-block-latest-posts__post-date\">30. August 2022<\/time><div class=\"wp-block-latest-posts__post-excerpt\">Mein FSJ in der Netzwerkstatt endet nun. W\u00e4hrend der ersten Monate kamen t\u00e4glich viele neue Eindr\u00fccke auf mich zu. Mit dem Wiederaufflammen der Corona-Pandemie im Herbst 2021 bis Fr\u00fchjahr 2022 gab es f\u00fcr mich nur wenige \u201eAu\u00dfeneins\u00e4tze\u201c, doch im Fr\u00fchjahr ver\u00e4nderte \u00a0\u2026 <a href=\"https:\/\/hillerschevilla.de\/netzwerkstatt-blog\/12-monate-in-der-hillerschen-villa\/\" rel=\"noopener noreferrer\">Weiterlesen<\/a><\/div><\/li>\n<li><div class=\"wp-block-latest-posts__featured-image\"><img src=\"https:\/\/hillerschevilla.de\/netzwerkstatt-blog\/wp-content\/uploads\/2022\/04\/AM39020-scaled-e1651243029868-290x132.jpg\" class=\"attachment-medium size-medium wp-post-image\" alt=\"\" decoding=\"async\" style=\"\" srcset=\"https:\/\/hillerschevilla.de\/netzwerkstatt-blog\/wp-content\/uploads\/2022\/04\/AM39020-scaled-e1651243029868-290x132.jpg 290w, https:\/\/hillerschevilla.de\/netzwerkstatt-blog\/wp-content\/uploads\/2022\/04\/AM39020-scaled-e1651243029868-449x204.jpg 449w, https:\/\/hillerschevilla.de\/netzwerkstatt-blog\/wp-content\/uploads\/2022\/04\/AM39020-scaled-e1651243029868-940x426.jpg 940w, https:\/\/hillerschevilla.de\/netzwerkstatt-blog\/wp-content\/uploads\/2022\/04\/AM39020-scaled-e1651243029868-768x348.jpg 768w, https:\/\/hillerschevilla.de\/netzwerkstatt-blog\/wp-content\/uploads\/2022\/04\/AM39020-scaled-e1651243029868-1536x697.jpg 1536w, https:\/\/hillerschevilla.de\/netzwerkstatt-blog\/wp-content\/uploads\/2022\/04\/AM39020-scaled-e1651243029868-2048x929.jpg 2048w, https:\/\/hillerschevilla.de\/netzwerkstatt-blog\/wp-content\/uploads\/2022\/04\/AM39020-scaled-e1651243029868-211x96.jpg 211w\" sizes=\"(max-width: 290px) 100vw, 290px\" \/><\/div><a class=\"wp-block-latest-posts__post-title\" href=\"https:\/\/hillerschevilla.de\/netzwerkstatt-blog\/zwischenbericht-fsj\/\">Wo ist die Zeit abgeblieben?<\/a><time datetime=\"2022-04-29T16:37:22+02:00\" class=\"wp-block-latest-posts__post-date\">29. April 2022<\/time><div class=\"wp-block-latest-posts__post-excerpt\">Acht Monate k\u00f6nnen eine lange Zeit sein. Diesen Eindruck hatte ich w\u00e4hrend meiner Schulzeit im R\u00fcckblick auf die vergangenen Monate des \u00d6fteren. Schaue ich jetzt acht Monate in die Vergangenheit, blicke ich auf eine abwechslungs- und aufschlussreiche Zeit zur\u00fcck.<\/div><\/li>\n<li><div class=\"wp-block-latest-posts__featured-image\"><img src=\"https:\/\/hillerschevilla.de\/netzwerkstatt-blog\/wp-content\/uploads\/2022\/04\/Zurbaran_Agnus-Dei-c.1635-40-290x178.jpg\" class=\"attachment-medium size-medium wp-post-image\" alt=\"\" decoding=\"async\" style=\"\" srcset=\"https:\/\/hillerschevilla.de\/netzwerkstatt-blog\/wp-content\/uploads\/2022\/04\/Zurbaran_Agnus-Dei-c.1635-40-290x178.jpg 290w, https:\/\/hillerschevilla.de\/netzwerkstatt-blog\/wp-content\/uploads\/2022\/04\/Zurbaran_Agnus-Dei-c.1635-40-449x275.jpg 449w, https:\/\/hillerschevilla.de\/netzwerkstatt-blog\/wp-content\/uploads\/2022\/04\/Zurbaran_Agnus-Dei-c.1635-40-211x129.jpg 211w, https:\/\/hillerschevilla.de\/netzwerkstatt-blog\/wp-content\/uploads\/2022\/04\/Zurbaran_Agnus-Dei-c.1635-40.jpg 640w\" sizes=\"(max-width: 290px) 100vw, 290px\" \/><\/div><a class=\"wp-block-latest-posts__post-title\" href=\"https:\/\/hillerschevilla.de\/netzwerkstatt-blog\/stammen-pessach-und-osterlamm-voneinander-ab-zwei-hochfeste-als-beispiel-fuer-die-tiefgreifende-verbindung-zweier-weltreligionen\/\">Stammen Pessach- und Osterlamm voneinander ab? Zwei Hochfeste als Beispiel f\u00fcr die tiefgreifende Verbindung zweier Weltreligionen<\/a><time datetime=\"2022-04-15T09:00:00+02:00\" class=\"wp-block-latest-posts__post-date\">15. April 2022<\/time><div class=\"wp-block-latest-posts__post-excerpt\">Auch im Jahr 2022 ergibt sich ein nicht ungew\u00f6hnliches und doch aufsehenerregendes Ph\u00e4nomen. Pessach Erev, der Vorabend des ersten Pessach-Tages, f\u00e4llt mit dem Karfreitag in der christlichen Osterzeit zusammen. Pessach beginnt mit dem ersten Fr\u00fchjahrsvollmond jeden Jahres. Der Fr\u00fchlingsanfang im j\u00fcdischen \u00a0\u2026 <a href=\"https:\/\/hillerschevilla.de\/netzwerkstatt-blog\/stammen-pessach-und-osterlamm-voneinander-ab-zwei-hochfeste-als-beispiel-fuer-die-tiefgreifende-verbindung-zweier-weltreligionen\/\" rel=\"noopener noreferrer\">Weiterlesen<\/a><\/div><\/li>\n<li><div class=\"wp-block-latest-posts__featured-image\"><img src=\"https:\/\/hillerschevilla.de\/netzwerkstatt-blog\/wp-content\/uploads\/2021\/10\/AM39810-290x193.jpg\" class=\"attachment-medium size-medium wp-post-image\" alt=\"\" decoding=\"async\" style=\"\" srcset=\"https:\/\/hillerschevilla.de\/netzwerkstatt-blog\/wp-content\/uploads\/2021\/10\/AM39810-290x193.jpg 290w, https:\/\/hillerschevilla.de\/netzwerkstatt-blog\/wp-content\/uploads\/2021\/10\/AM39810-449x299.jpg 449w, https:\/\/hillerschevilla.de\/netzwerkstatt-blog\/wp-content\/uploads\/2021\/10\/AM39810-940x627.jpg 940w, https:\/\/hillerschevilla.de\/netzwerkstatt-blog\/wp-content\/uploads\/2021\/10\/AM39810-768x512.jpg 768w, https:\/\/hillerschevilla.de\/netzwerkstatt-blog\/wp-content\/uploads\/2021\/10\/AM39810-1536x1024.jpg 1536w, https:\/\/hillerschevilla.de\/netzwerkstatt-blog\/wp-content\/uploads\/2021\/10\/AM39810-2048x1365.jpg 2048w, https:\/\/hillerschevilla.de\/netzwerkstatt-blog\/wp-content\/uploads\/2021\/10\/AM39810-211x141.jpg 211w, https:\/\/hillerschevilla.de\/netzwerkstatt-blog\/wp-content\/uploads\/2021\/10\/AM39810-300x200.jpg 300w, https:\/\/hillerschevilla.de\/netzwerkstatt-blog\/wp-content\/uploads\/2021\/10\/AM39810-1024x683.jpg 1024w, https:\/\/hillerschevilla.de\/netzwerkstatt-blog\/wp-content\/uploads\/2021\/10\/AM39810-930x620.jpg 930w\" sizes=\"(max-width: 290px) 100vw, 290px\" \/><\/div><a class=\"wp-block-latest-posts__post-title\" href=\"https:\/\/hillerschevilla.de\/netzwerkstatt-blog\/raus-aus-der-schule-rein-in-die-welt\/\">Raus aus der Schule, rein in die Welt<\/a><time datetime=\"2021-10-05T12:21:06+02:00\" class=\"wp-block-latest-posts__post-date\">5. Oktober 2021<\/time><div class=\"wp-block-latest-posts__post-excerpt\">Erster Monat im FSJ, was soll da schon gro\u00df passieren au\u00dfer Mailadresse einrichten? Frisch aus der Schule hie\u00df es: raus, Menschen treffen, sich auf andere einlassen. So konnte ich zum einen meine Mitstreiter:innen im s\u00e4chsischen Freiwilligen Sozialen Jahr Politik kennenlernen, aber \u00a0\u2026 <a href=\"https:\/\/hillerschevilla.de\/netzwerkstatt-blog\/raus-aus-der-schule-rein-in-die-welt\/\" rel=\"noopener noreferrer\">Weiterlesen<\/a><\/div><\/li>\n<li><div class=\"wp-block-latest-posts__featured-image\"><img src=\"https:\/\/hillerschevilla.de\/netzwerkstatt-blog\/wp-content\/uploads\/2021\/08\/IMG_0007-258x220.jpg\" class=\"attachment-medium size-medium wp-post-image\" alt=\"\" decoding=\"async\" style=\"\" srcset=\"https:\/\/hillerschevilla.de\/netzwerkstatt-blog\/wp-content\/uploads\/2021\/08\/IMG_0007-258x220.jpg 258w, https:\/\/hillerschevilla.de\/netzwerkstatt-blog\/wp-content\/uploads\/2021\/08\/IMG_0007-357x304.jpg 357w, https:\/\/hillerschevilla.de\/netzwerkstatt-blog\/wp-content\/uploads\/2021\/08\/IMG_0007-810x690.jpg 810w, https:\/\/hillerschevilla.de\/netzwerkstatt-blog\/wp-content\/uploads\/2021\/08\/IMG_0007-768x654.jpg 768w, https:\/\/hillerschevilla.de\/netzwerkstatt-blog\/wp-content\/uploads\/2021\/08\/IMG_0007-1536x1308.jpg 1536w, https:\/\/hillerschevilla.de\/netzwerkstatt-blog\/wp-content\/uploads\/2021\/08\/IMG_0007-2048x1744.jpg 2048w, https:\/\/hillerschevilla.de\/netzwerkstatt-blog\/wp-content\/uploads\/2021\/08\/IMG_0007-176x150.jpg 176w, https:\/\/hillerschevilla.de\/netzwerkstatt-blog\/wp-content\/uploads\/2021\/08\/IMG_0007-300x255.jpg 300w, https:\/\/hillerschevilla.de\/netzwerkstatt-blog\/wp-content\/uploads\/2021\/08\/IMG_0007-1024x872.jpg 1024w\" sizes=\"(max-width: 258px) 100vw, 258px\" \/><\/div><a class=\"wp-block-latest-posts__post-title\" href=\"https:\/\/hillerschevilla.de\/netzwerkstatt-blog\/und-das-jahr-ist-schon-rum-12-monate-fsj\/\">Und das Jahr ist schon rum \/ 12 Monate FSJ<\/a><time datetime=\"2021-08-27T12:04:17+02:00\" class=\"wp-block-latest-posts__post-date\">27. August 2021<\/time><div class=\"wp-block-latest-posts__post-excerpt\">Nach etwas l\u00e4ngerer Zeit melde ich mich auch mal wieder. Mein Freiwilliges Soziales Jahr ist nun vorbei. Ich habe in den letzten Tagen immer wieder an meine ersten Wochen hier in der Hillerschen Villa gedacht und wie ich mich am Anfang \u00a0\u2026 <a href=\"https:\/\/hillerschevilla.de\/netzwerkstatt-blog\/und-das-jahr-ist-schon-rum-12-monate-fsj\/\" rel=\"noopener noreferrer\">Weiterlesen<\/a><\/div><\/li>\n<li><div class=\"wp-block-latest-posts__featured-image\"><img src=\"https:\/\/hillerschevilla.de\/netzwerkstatt-blog\/wp-content\/uploads\/2020\/11\/IMG_20201124_111913910-290x218.jpg\" class=\"attachment-medium size-medium wp-post-image\" alt=\"\" decoding=\"async\" style=\"\" srcset=\"https:\/\/hillerschevilla.de\/netzwerkstatt-blog\/wp-content\/uploads\/2020\/11\/IMG_20201124_111913910-290x218.jpg 290w, https:\/\/hillerschevilla.de\/netzwerkstatt-blog\/wp-content\/uploads\/2020\/11\/IMG_20201124_111913910-405x304.jpg 405w, https:\/\/hillerschevilla.de\/netzwerkstatt-blog\/wp-content\/uploads\/2020\/11\/IMG_20201124_111913910-920x690.jpg 920w, https:\/\/hillerschevilla.de\/netzwerkstatt-blog\/wp-content\/uploads\/2020\/11\/IMG_20201124_111913910-768x576.jpg 768w, https:\/\/hillerschevilla.de\/netzwerkstatt-blog\/wp-content\/uploads\/2020\/11\/IMG_20201124_111913910-1536x1152.jpg 1536w, https:\/\/hillerschevilla.de\/netzwerkstatt-blog\/wp-content\/uploads\/2020\/11\/IMG_20201124_111913910-2048x1536.jpg 2048w, https:\/\/hillerschevilla.de\/netzwerkstatt-blog\/wp-content\/uploads\/2020\/11\/IMG_20201124_111913910-200x150.jpg 200w, https:\/\/hillerschevilla.de\/netzwerkstatt-blog\/wp-content\/uploads\/2020\/11\/IMG_20201124_111913910-300x225.jpg 300w, https:\/\/hillerschevilla.de\/netzwerkstatt-blog\/wp-content\/uploads\/2020\/11\/IMG_20201124_111913910-1024x768.jpg 1024w\" sizes=\"(max-width: 290px) 100vw, 290px\" \/><\/div><a class=\"wp-block-latest-posts__post-title\" href=\"https:\/\/hillerschevilla.de\/netzwerkstatt-blog\/digitalisierung-des-archivs\/\">Digitalisierung des Archivs<\/a><time datetime=\"2020-11-24T12:51:52+01:00\" class=\"wp-block-latest-posts__post-date\">24. November 2020<\/time><div class=\"wp-block-latest-posts__post-excerpt\">Ich bin nun schon seit fast drei Monaten als FSJlerin in der Hillerschen Villa und das Coronavirus und der Lockdown machen sich nun endg\u00fcltig auch hier bemerkbar. Alle Veranstaltungen die f\u00fcr diesen Monat geplant waren, mussten leider abgesagt werden. Meine jetzige \u00a0\u2026 <a href=\"https:\/\/hillerschevilla.de\/netzwerkstatt-blog\/digitalisierung-des-archivs\/\" rel=\"noopener noreferrer\">Weiterlesen<\/a><\/div><\/li>\n<li><a class=\"wp-block-latest-posts__post-title\" href=\"https:\/\/hillerschevilla.de\/netzwerkstatt-blog\/meine-erste-seminarwoche\/\">Meine erste Seminarwoche<\/a><time datetime=\"2020-11-20T10:26:02+01:00\" class=\"wp-block-latest-posts__post-date\">20. November 2020<\/time><div class=\"wp-block-latest-posts__post-excerpt\">Trotz der un\u00fcblichen Bedingungen konnte meine erste Seminarwoche von der S\u00e4chsischen Jugendstiftung vom 26.10. zum 30.10. stattfinden, wenn auch etwas anders als geplant. Eigentlich sollten wir nach Liebethal in die N\u00e4he von Pirna zu einer Jugendherberge fahren und die Woche dort \u00a0\u2026 <a href=\"https:\/\/hillerschevilla.de\/netzwerkstatt-blog\/meine-erste-seminarwoche\/\" rel=\"noopener noreferrer\">Weiterlesen<\/a><\/div><\/li>\n<li><div class=\"wp-block-latest-posts__featured-image\"><img src=\"https:\/\/hillerschevilla.de\/netzwerkstatt-blog\/wp-content\/uploads\/2020\/04\/Flyer-2020-qr-141x220.jpg\" class=\"attachment-medium size-medium wp-post-image\" alt=\"\" decoding=\"async\" style=\"\" srcset=\"https:\/\/hillerschevilla.de\/netzwerkstatt-blog\/wp-content\/uploads\/2020\/04\/Flyer-2020-qr-141x220.jpg 141w, https:\/\/hillerschevilla.de\/netzwerkstatt-blog\/wp-content\/uploads\/2020\/04\/Flyer-2020-qr-194x304.jpg 194w, https:\/\/hillerschevilla.de\/netzwerkstatt-blog\/wp-content\/uploads\/2020\/04\/Flyer-2020-qr-441x690.jpg 441w, https:\/\/hillerschevilla.de\/netzwerkstatt-blog\/wp-content\/uploads\/2020\/04\/Flyer-2020-qr-96x150.jpg 96w, https:\/\/hillerschevilla.de\/netzwerkstatt-blog\/wp-content\/uploads\/2020\/04\/Flyer-2020-qr-192x300.jpg 192w, https:\/\/hillerschevilla.de\/netzwerkstatt-blog\/wp-content\/uploads\/2020\/04\/Flyer-2020-qr.jpg 563w\" sizes=\"(max-width: 141px) 100vw, 141px\" \/><\/div><a class=\"wp-block-latest-posts__post-title\" href=\"https:\/\/hillerschevilla.de\/netzwerkstatt-blog\/meine-ersten-wochen-in-der-netzwerkstatt\/\">Meine ersten Wochen in der Netzwerkstatt<\/a><time datetime=\"2020-10-05T12:37:27+02:00\" class=\"wp-block-latest-posts__post-date\">5. Oktober 2020<\/time><div class=\"wp-block-latest-posts__post-excerpt\">Hallo! Mein Name ist Anna und ich bin die neue FSJ-lerin in der Hillerschen Villa. Nun bin ich schon seit ein paar Wochen dabei und die Zeit verging wie im Flug. Jeden Tag stand etwas Anderes auf dem Programm und ich \u00a0\u2026 <a href=\"https:\/\/hillerschevilla.de\/netzwerkstatt-blog\/meine-ersten-wochen-in-der-netzwerkstatt\/\" rel=\"noopener noreferrer\">Weiterlesen<\/a><\/div><\/li>\n<li><div class=\"wp-block-latest-posts__featured-image\"><img src=\"https:\/\/hillerschevilla.de\/netzwerkstatt-blog\/wp-content\/uploads\/2020\/07\/upl-290x218.jpg\" class=\"attachment-medium size-medium wp-post-image\" alt=\"\" decoding=\"async\" style=\"\" srcset=\"https:\/\/hillerschevilla.de\/netzwerkstatt-blog\/wp-content\/uploads\/2020\/07\/upl-290x218.jpg 290w, https:\/\/hillerschevilla.de\/netzwerkstatt-blog\/wp-content\/uploads\/2020\/07\/upl-405x304.jpg 405w, https:\/\/hillerschevilla.de\/netzwerkstatt-blog\/wp-content\/uploads\/2020\/07\/upl-920x690.jpg 920w, https:\/\/hillerschevilla.de\/netzwerkstatt-blog\/wp-content\/uploads\/2020\/07\/upl-768x576.jpg 768w, https:\/\/hillerschevilla.de\/netzwerkstatt-blog\/wp-content\/uploads\/2020\/07\/upl-1536x1152.jpg 1536w, https:\/\/hillerschevilla.de\/netzwerkstatt-blog\/wp-content\/uploads\/2020\/07\/upl-2048x1536.jpg 2048w, https:\/\/hillerschevilla.de\/netzwerkstatt-blog\/wp-content\/uploads\/2020\/07\/upl-200x150.jpg 200w, https:\/\/hillerschevilla.de\/netzwerkstatt-blog\/wp-content\/uploads\/2020\/07\/upl-300x225.jpg 300w, https:\/\/hillerschevilla.de\/netzwerkstatt-blog\/wp-content\/uploads\/2020\/07\/upl-1024x768.jpg 1024w\" sizes=\"(max-width: 290px) 100vw, 290px\" \/><\/div><a class=\"wp-block-latest-posts__post-title\" href=\"https:\/\/hillerschevilla.de\/netzwerkstatt-blog\/ein-filmworkshop\/\">Ein Filmworkshop<\/a><time datetime=\"2020-07-28T12:23:55+02:00\" class=\"wp-block-latest-posts__post-date\">28. Juli 2020<\/time><div class=\"wp-block-latest-posts__post-excerpt\">Vorletzte Woche fand bei uns an der Hillerschen Villa ein Filmworkshop statt. Als Referent*Innen hatten wir den SAEK mobil ausgew\u00e4hlt, die mit ihren Workshops und Weiterbildungsangeboten ganz Sachsen bespielen. Wir von der Hillerschen Villa hatten uns bei Ihnen ein Filmworkshop ausgew\u00e4hlt, \u00a0\u2026 <a href=\"https:\/\/hillerschevilla.de\/netzwerkstatt-blog\/ein-filmworkshop\/\" rel=\"noopener noreferrer\">Weiterlesen<\/a><\/div><\/li>\n<li><a class=\"wp-block-latest-posts__post-title\" href=\"https:\/\/hillerschevilla.de\/netzwerkstatt-blog\/fsj-corona-update\/\">FSJ &#8211; Corona update<\/a><time datetime=\"2020-06-26T15:09:26+02:00\" class=\"wp-block-latest-posts__post-date\">26. Juni 2020<\/time><div class=\"wp-block-latest-posts__post-excerpt\">Nach l\u00e4ngerer Zeit m\u00f6chte ich euch nun auch mal wieder aus meinem FSJ&#8217;ler Dasein berichten und wie sich das FSJ in der Pandemie entwickelt hat. Mittlerweile hat sich ja vieles in unserer Allt\u00e4glichen Lebenswelt wieder normalisiert, so auch nat\u00fcrlich mein Arbeitsalltag. \u00a0\u2026 <a href=\"https:\/\/hillerschevilla.de\/netzwerkstatt-blog\/fsj-corona-update\/\" rel=\"noopener noreferrer\">Weiterlesen<\/a><\/div><\/li>\n<li><div class=\"wp-block-latest-posts__featured-image\"><img src=\"https:\/\/hillerschevilla.de\/netzwerkstatt-blog\/wp-content\/uploads\/2020\/04\/Flyer-2020-qr-141x220.jpg\" class=\"attachment-medium size-medium wp-post-image\" alt=\"\" decoding=\"async\" style=\"\" srcset=\"https:\/\/hillerschevilla.de\/netzwerkstatt-blog\/wp-content\/uploads\/2020\/04\/Flyer-2020-qr-141x220.jpg 141w, https:\/\/hillerschevilla.de\/netzwerkstatt-blog\/wp-content\/uploads\/2020\/04\/Flyer-2020-qr-194x304.jpg 194w, https:\/\/hillerschevilla.de\/netzwerkstatt-blog\/wp-content\/uploads\/2020\/04\/Flyer-2020-qr-441x690.jpg 441w, https:\/\/hillerschevilla.de\/netzwerkstatt-blog\/wp-content\/uploads\/2020\/04\/Flyer-2020-qr-96x150.jpg 96w, https:\/\/hillerschevilla.de\/netzwerkstatt-blog\/wp-content\/uploads\/2020\/04\/Flyer-2020-qr-192x300.jpg 192w, https:\/\/hillerschevilla.de\/netzwerkstatt-blog\/wp-content\/uploads\/2020\/04\/Flyer-2020-qr.jpg 563w\" sizes=\"(max-width: 141px) 100vw, 141px\" \/><\/div><a class=\"wp-block-latest-posts__post-title\" href=\"https:\/\/hillerschevilla.de\/netzwerkstatt-blog\/machen-statt-meckern\/\">MACHEN STATT MECKERN<\/a><time datetime=\"2020-04-20T12:09:03+02:00\" class=\"wp-block-latest-posts__post-date\">20. April 2020<\/time><div class=\"wp-block-latest-posts__post-excerpt\">Hey du! wie du ja weist vollf\u00fchre ich derzeit ein FSJ-Politik hier bei der Netzwerkstatt welches nun schon im letzten drittel angekommen ist. Es ist also wieder soweit, die S\u00e4chsische Jugendstiftung meine Tr\u00e4gerstiftung sucht wieder Freiwillige f\u00fcr das FSJ-Politik .Auch die \u00a0\u2026 <a href=\"https:\/\/hillerschevilla.de\/netzwerkstatt-blog\/machen-statt-meckern\/\" rel=\"noopener noreferrer\">Weiterlesen<\/a><\/div><\/li>\n<li><div class=\"wp-block-latest-posts__featured-image\"><img src=\"https:\/\/hillerschevilla.de\/netzwerkstatt-blog\/wp-content\/uploads\/2019\/11\/DSC_0089-290x193.jpg\" class=\"attachment-medium size-medium wp-post-image\" alt=\"\" decoding=\"async\" style=\"\" srcset=\"https:\/\/hillerschevilla.de\/netzwerkstatt-blog\/wp-content\/uploads\/2019\/11\/DSC_0089-290x193.jpg 290w, https:\/\/hillerschevilla.de\/netzwerkstatt-blog\/wp-content\/uploads\/2019\/11\/DSC_0089-449x299.jpg 449w, https:\/\/hillerschevilla.de\/netzwerkstatt-blog\/wp-content\/uploads\/2019\/11\/DSC_0089-940x627.jpg 940w, https:\/\/hillerschevilla.de\/netzwerkstatt-blog\/wp-content\/uploads\/2019\/11\/DSC_0089-768x512.jpg 768w, https:\/\/hillerschevilla.de\/netzwerkstatt-blog\/wp-content\/uploads\/2019\/11\/DSC_0089-1536x1024.jpg 1536w, https:\/\/hillerschevilla.de\/netzwerkstatt-blog\/wp-content\/uploads\/2019\/11\/DSC_0089-2048x1365.jpg 2048w, https:\/\/hillerschevilla.de\/netzwerkstatt-blog\/wp-content\/uploads\/2019\/11\/DSC_0089-211x141.jpg 211w, https:\/\/hillerschevilla.de\/netzwerkstatt-blog\/wp-content\/uploads\/2019\/11\/DSC_0089-300x200.jpg 300w, https:\/\/hillerschevilla.de\/netzwerkstatt-blog\/wp-content\/uploads\/2019\/11\/DSC_0089-1024x683.jpg 1024w, https:\/\/hillerschevilla.de\/netzwerkstatt-blog\/wp-content\/uploads\/2019\/11\/DSC_0089-624x416.jpg 624w\" sizes=\"(max-width: 290px) 100vw, 290px\" \/><\/div><a class=\"wp-block-latest-posts__post-title\" href=\"https:\/\/hillerschevilla.de\/netzwerkstatt-blog\/seminarfahrt-frauenstein-2019\/\">Seminarfahrt Frauenstein 2019<\/a><time datetime=\"2019-11-26T09:45:53+01:00\" class=\"wp-block-latest-posts__post-date\">26. November 2019<\/time><div class=\"wp-block-latest-posts__post-excerpt\">Hallo ich bin Moritz der neue FSjler der Netzwerkstatt. Ich bin jetzt schon seit zwei Monaten in meinem FSJ-Politik aktiv, da zu einem FSJ auch immer mehrere Seminarfahrten mit der FSJ-Gruppe geh\u00f6ren, m\u00f6chte ich euch jetzt von meiner Ersten Seminarfahrt berichten. \u00a0\u2026 <a href=\"https:\/\/hillerschevilla.de\/netzwerkstatt-blog\/seminarfahrt-frauenstein-2019\/\" rel=\"noopener noreferrer\">Weiterlesen<\/a><\/div><\/li>\n<\/ul>","protected":false},"excerpt":{"rendered":"<p>Freiwillige Soziale Jahr im Bereich Politik gibt jungen Menschen zwischen 16 und 26 Jahren die M\u00f6glichkeit, Einblicke in die Arbeit politisch-gesellschaftlicher Institutionen zu bekommen. Die Freiwilligen engagieren sich in diesem Jahr bei einer Einsatzstelle, werden durch die S\u00e4chsische Jugendstiftung betreut und nehmen an Seminartagen der Stiftung teil, wodurch sich zus\u00e4tzliche Bildungsm\u00f6glichkeiten ergeben. Seit \u00fcber 10 \u00a0\u2026 <a href=\"https:\/\/hillerschevilla.de\/netzwerkstatt-blog\/fsj-politik-2\/\" rel=\"noopener noreferrer\">Weiterlesen<\/a><\/p>\n","protected":false},"author":1,"featured_media":0,"parent":0,"menu_order":0,"comment_status":"closed","ping_status":"closed","template":"","meta":{"_themeisle_gutenberg_block_has_review":false,"footnotes":""},"_links":{"self":[{"href":"https:\/\/hillerschevilla.de\/netzwerkstatt-blog\/wp-json\/wp\/v2\/pages\/1278"}],"collection":[{"href":"https:\/\/hillerschevilla.de\/netzwerkstatt-blog\/wp-json\/wp\/v2\/pages"}],"about":[{"href":"https:\/\/hillerschevilla.de\/netzwerkstatt-blog\/wp-json\/wp\/v2\/types\/page"}],"author":[{"embeddable":true,"href":"https:\/\/hillerschevilla.de\/netzwerkstatt-blog\/wp-json\/wp\/v2\/users\/1"}],"replies":[{"embeddable":true,"href":"https:\/\/hillerschevilla.de\/netzwerkstatt-blog\/wp-json\/wp\/v2\/comments?post=1278"}],"version-history":[{"count":3,"href":"https:\/\/hillerschevilla.de\/netzwerkstatt-blog\/wp-json\/wp\/v2\/pages\/1278\/revisions"}],"predecessor-version":[{"id":1349,"href":"https:\/\/hillerschevilla.de\/netzwerkstatt-blog\/wp-json\/wp\/v2\/pages\/1278\/revisions\/1349"}],"wp:attachment":[{"href":"https:\/\/hillerschevilla.de\/netzwerkstatt-blog\/wp-json\/wp\/v2\/media?parent=1278"}],"curies":[{"name":"wp","href":"https:\/\/api.w.org\/{rel}","templated":true}]}}