{"id":414,"date":"2020-04-21T10:54:05","date_gmt":"2020-04-21T08:54:05","guid":{"rendered":"http:\/\/hillerschevilla.de\/netzwerkstatt-blog\/?page_id=414"},"modified":"2021-11-19T13:18:30","modified_gmt":"2021-11-19T12:18:30","slug":"juedischer-friedhof","status":"publish","type":"page","link":"https:\/\/hillerschevilla.de\/netzwerkstatt-blog\/juedischer-friedhof\/","title":{"rendered":"J\u00fcdische Geschichte"},"content":{"rendered":"\n<h3 class=\"wp-block-heading\">J\u00fcdischer Friedhof Zittau<\/h3>\n\n\n\n<p>Den j\u00fcdischen Friedhof in Zittau gibt es seit 1887. Als Ort der Zusammenkunft und des Gedenkens an verstorbene Angeh\u00f6rige war er f\u00fcr die in Zittau lebenden j\u00fcdischen Menschen sehr wichtig. Im deutschen Sprachraum werden j\u00fcdische Friedh\u00f6fe auch als \u201eguter Ort\u201c bezeichnet: Der Tod ist ein Teil des Lebens und am guten Ort sind die Verstorbenen gut aufgehoben. Ein j\u00fcdisches Grab wird f\u00fcr die Ewigkeit angelegt \u2013 der K\u00f6rper soll unversehrt bleiben bis zur Ankunft des Messias.<\/p>\n\n\n\n<figure class=\"wp-block-image size-large is-resized\"><img decoding=\"async\" loading=\"lazy\" src=\"http:\/\/hillerschevilla.de\/netzwerkstatt-blog\/wp-content\/uploads\/2020\/04\/loewenbach_max_emma_leo-1024x683.jpg\" alt=\"\" class=\"wp-image-557\" width=\"692\" height=\"461\" srcset=\"https:\/\/hillerschevilla.de\/netzwerkstatt-blog\/wp-content\/uploads\/2020\/04\/loewenbach_max_emma_leo-1024x683.jpg 1024w, https:\/\/hillerschevilla.de\/netzwerkstatt-blog\/wp-content\/uploads\/2020\/04\/loewenbach_max_emma_leo-290x193.jpg 290w, https:\/\/hillerschevilla.de\/netzwerkstatt-blog\/wp-content\/uploads\/2020\/04\/loewenbach_max_emma_leo-449x299.jpg 449w, https:\/\/hillerschevilla.de\/netzwerkstatt-blog\/wp-content\/uploads\/2020\/04\/loewenbach_max_emma_leo-940x627.jpg 940w, https:\/\/hillerschevilla.de\/netzwerkstatt-blog\/wp-content\/uploads\/2020\/04\/loewenbach_max_emma_leo-768x512.jpg 768w, https:\/\/hillerschevilla.de\/netzwerkstatt-blog\/wp-content\/uploads\/2020\/04\/loewenbach_max_emma_leo-1536x1024.jpg 1536w, https:\/\/hillerschevilla.de\/netzwerkstatt-blog\/wp-content\/uploads\/2020\/04\/loewenbach_max_emma_leo-2048x1365.jpg 2048w, https:\/\/hillerschevilla.de\/netzwerkstatt-blog\/wp-content\/uploads\/2020\/04\/loewenbach_max_emma_leo-211x141.jpg 211w, https:\/\/hillerschevilla.de\/netzwerkstatt-blog\/wp-content\/uploads\/2020\/04\/loewenbach_max_emma_leo-300x200.jpg 300w\" sizes=\"(max-width: 692px) 100vw, 692px\" \/><figcaption>Grabstein von Max Loewenbach und Emma Loewenbach geb.Blumenthal<\/figcaption><\/figure>\n\n\n\n<p>Der Zittauer j\u00fcdische Friedhof wurde zur Zeit des Nationalsozialismus teilweise zerst\u00f6rt. Nach dem zweiten Weltkrieg fand hier nur noch eine Beerdigung statt. Lange vergessen und dem Vandalismus durch Neonazis ausgesetzt, ist der Friedhof heute der einzige erhaltene historische Ort j\u00fcdischen Lebens in Zittau. Die Netzwerkstatt arbeitet seit \u00fcber 15 Jahren an seiner Erhaltung und Sichtbarmachung. Mit p\u00e4dagogischen Angeboten f\u00fcr Sch\u00fcler*innen und internationalen Workcamps f\u00f6rdern wir die Auseinandersetzung junger Menschen mit der j\u00fcdischen Regionalgeschichte.<\/p>\n\n\n\n<figure class=\"wp-block-image size-large is-resized\"><img decoding=\"async\" loading=\"lazy\" src=\"http:\/\/hillerschevilla.de\/netzwerkstatt-blog\/wp-content\/uploads\/2020\/04\/IMG_3036-1024x683.jpg\" alt=\"\" class=\"wp-image-559\" width=\"749\" height=\"499\" srcset=\"https:\/\/hillerschevilla.de\/netzwerkstatt-blog\/wp-content\/uploads\/2020\/04\/IMG_3036-1024x683.jpg 1024w, https:\/\/hillerschevilla.de\/netzwerkstatt-blog\/wp-content\/uploads\/2020\/04\/IMG_3036-290x193.jpg 290w, https:\/\/hillerschevilla.de\/netzwerkstatt-blog\/wp-content\/uploads\/2020\/04\/IMG_3036-449x299.jpg 449w, https:\/\/hillerschevilla.de\/netzwerkstatt-blog\/wp-content\/uploads\/2020\/04\/IMG_3036-940x627.jpg 940w, https:\/\/hillerschevilla.de\/netzwerkstatt-blog\/wp-content\/uploads\/2020\/04\/IMG_3036-768x512.jpg 768w, https:\/\/hillerschevilla.de\/netzwerkstatt-blog\/wp-content\/uploads\/2020\/04\/IMG_3036-1536x1024.jpg 1536w, https:\/\/hillerschevilla.de\/netzwerkstatt-blog\/wp-content\/uploads\/2020\/04\/IMG_3036-2048x1365.jpg 2048w, https:\/\/hillerschevilla.de\/netzwerkstatt-blog\/wp-content\/uploads\/2020\/04\/IMG_3036-211x141.jpg 211w, https:\/\/hillerschevilla.de\/netzwerkstatt-blog\/wp-content\/uploads\/2020\/04\/IMG_3036-300x200.jpg 300w\" sizes=\"(max-width: 749px) 100vw, 749px\" \/><figcaption>Workcamp mit arch\u00e4ologischen Grabungen auf dem j\u00fcdischen Friedhof<\/figcaption><\/figure>\n\n\n\n<p>In den n\u00e4chsten zwei Jahren planen wir weitere Workcamps zur virtuellen Erschlie\u00dfung des j\u00fcdischen Friedhofs und seiner Umgestaltung in einen inklusiven Bildungs- und Erinnerungsort. Dabei wird unter anderem der ehemalige Standort der 1938 gesprengten Trauerhalle wieder sichtbar gemacht.<\/p>\n\n\n\n<figure class=\"wp-block-image size-large\"><img decoding=\"async\" loading=\"lazy\" width=\"1024\" height=\"718\" src=\"http:\/\/hillerschevilla.de\/netzwerkstatt-blog\/wp-content\/uploads\/2020\/04\/Skizze-1024x718.jpeg\" alt=\"\" class=\"wp-image-560\" srcset=\"https:\/\/hillerschevilla.de\/netzwerkstatt-blog\/wp-content\/uploads\/2020\/04\/Skizze-1024x718.jpeg 1024w, https:\/\/hillerschevilla.de\/netzwerkstatt-blog\/wp-content\/uploads\/2020\/04\/Skizze-290x203.jpeg 290w, https:\/\/hillerschevilla.de\/netzwerkstatt-blog\/wp-content\/uploads\/2020\/04\/Skizze-433x304.jpeg 433w, https:\/\/hillerschevilla.de\/netzwerkstatt-blog\/wp-content\/uploads\/2020\/04\/Skizze-940x659.jpeg 940w, https:\/\/hillerschevilla.de\/netzwerkstatt-blog\/wp-content\/uploads\/2020\/04\/Skizze-768x539.jpeg 768w, https:\/\/hillerschevilla.de\/netzwerkstatt-blog\/wp-content\/uploads\/2020\/04\/Skizze-1536x1077.jpeg 1536w, https:\/\/hillerschevilla.de\/netzwerkstatt-blog\/wp-content\/uploads\/2020\/04\/Skizze-2048x1436.jpeg 2048w, https:\/\/hillerschevilla.de\/netzwerkstatt-blog\/wp-content\/uploads\/2020\/04\/Skizze-211x148.jpeg 211w, https:\/\/hillerschevilla.de\/netzwerkstatt-blog\/wp-content\/uploads\/2020\/04\/Skizze-300x210.jpeg 300w\" sizes=\"(max-width: 1024px) 100vw, 1024px\" \/><figcaption>Entwurf f\u00fcr die Sichtbarmachung der Trauerhalle<\/figcaption><\/figure>\n\n\n\n<p>Mehr Informationen zur Geschichte des j\u00fcdischen Friedhofs gibt es unter <a href=\"https:\/\/www.hillerschevilla.de\/cms\/de\/327\/Juedischer-Friedhof\">https:\/\/www.hillerschevilla.de\/cms\/de\/327\/Juedischer-Friedhof<\/a>.<\/p>\n\n\n\n<p>Ansprechpartnerin f\u00fcr Fragen und Anregungen zum j\u00fcdischen Friedhof ist Anne Kleinbauer, Tel: 03583779622, Mail: a.kleinbauer@hillerschevilla.de.<\/p>\n\n\n\n<h3 class=\"wp-block-heading\">MAZEWA<\/h3>\n\n\n\n<div class=\"wp-block-media-text alignwide has-media-on-the-right is-stacked-on-mobile\" style=\"grid-template-columns:auto 27%\"><figure class=\"wp-block-media-text__media\"><img decoding=\"async\" loading=\"lazy\" width=\"1659\" height=\"938\" src=\"http:\/\/hillerschevilla.de\/netzwerkstatt-blog\/wp-content\/uploads\/2021\/10\/mazewa_logo_weisser-hintergund.jpeg\" alt=\"\" class=\"wp-image-1312 size-full\" srcset=\"https:\/\/hillerschevilla.de\/netzwerkstatt-blog\/wp-content\/uploads\/2021\/10\/mazewa_logo_weisser-hintergund.jpeg 1659w, https:\/\/hillerschevilla.de\/netzwerkstatt-blog\/wp-content\/uploads\/2021\/10\/mazewa_logo_weisser-hintergund-290x164.jpeg 290w, https:\/\/hillerschevilla.de\/netzwerkstatt-blog\/wp-content\/uploads\/2021\/10\/mazewa_logo_weisser-hintergund-449x254.jpeg 449w, https:\/\/hillerschevilla.de\/netzwerkstatt-blog\/wp-content\/uploads\/2021\/10\/mazewa_logo_weisser-hintergund-940x531.jpeg 940w, https:\/\/hillerschevilla.de\/netzwerkstatt-blog\/wp-content\/uploads\/2021\/10\/mazewa_logo_weisser-hintergund-768x434.jpeg 768w, https:\/\/hillerschevilla.de\/netzwerkstatt-blog\/wp-content\/uploads\/2021\/10\/mazewa_logo_weisser-hintergund-1536x868.jpeg 1536w, https:\/\/hillerschevilla.de\/netzwerkstatt-blog\/wp-content\/uploads\/2021\/10\/mazewa_logo_weisser-hintergund-211x119.jpeg 211w, https:\/\/hillerschevilla.de\/netzwerkstatt-blog\/wp-content\/uploads\/2021\/10\/mazewa_logo_weisser-hintergund-300x170.jpeg 300w, https:\/\/hillerschevilla.de\/netzwerkstatt-blog\/wp-content\/uploads\/2021\/10\/mazewa_logo_weisser-hintergund-1024x579.jpeg 1024w\" sizes=\"(max-width: 1659px) 100vw, 1659px\" \/><\/figure><div class=\"wp-block-media-text__content\">\n<p>Mit MAZEWA erschlie\u00dfen wird den j\u00fcdischen Friedhof als einen (digitalen) Lernort. Wir m\u00f6chten den \u201cguten Ort\u201d und den damit verbundenen Alltag von j\u00fcdischem Leben und Sterben in Zittau sichtbarer machen. Kern von MAZEWA sind zwei internationale Workcamps f\u00fcr junge Erwachsene, flankiert durch ein Rahmenprogramm zur j\u00fcdischen Alltags- und Begr\u00e4bniskultur seit dem 19. Jahrhundert. Durch die Arbeit auf dem Gel\u00e4nde erinnern wir aktiv an die Verbrechen des Nationalsozialismus. Mehr erfahren Sie auf <a rel=\"noreferrer noopener\" href=\"http:\/\/mazewa.eu\" data-type=\"URL\" data-id=\"mazewa.eu\" target=\"_blank\">mazewa.eu<\/a>.<\/p>\n<\/div><\/div>\n\n\n\n<hr class=\"wp-block-separator has-text-color has-background has-black-background-color has-black-color is-style-wide\"\/>\n\n\n<ul class=\"wp-block-latest-posts__list is-grid columns-3 wp-block-latest-posts\"><li><div class=\"wp-block-latest-posts__featured-image aligncenter\"><img src=\"https:\/\/hillerschevilla.de\/netzwerkstatt-blog\/wp-content\/uploads\/2023\/10\/Bild-Blog-TdoD-2023-290x218.jpg\" class=\"attachment-medium size-medium wp-post-image\" alt=\"\" decoding=\"async\" style=\"\" srcset=\"https:\/\/hillerschevilla.de\/netzwerkstatt-blog\/wp-content\/uploads\/2023\/10\/Bild-Blog-TdoD-2023-290x218.jpg 290w, https:\/\/hillerschevilla.de\/netzwerkstatt-blog\/wp-content\/uploads\/2023\/10\/Bild-Blog-TdoD-2023-405x304.jpg 405w, https:\/\/hillerschevilla.de\/netzwerkstatt-blog\/wp-content\/uploads\/2023\/10\/Bild-Blog-TdoD-2023-920x690.jpg 920w, https:\/\/hillerschevilla.de\/netzwerkstatt-blog\/wp-content\/uploads\/2023\/10\/Bild-Blog-TdoD-2023-768x576.jpg 768w, https:\/\/hillerschevilla.de\/netzwerkstatt-blog\/wp-content\/uploads\/2023\/10\/Bild-Blog-TdoD-2023-1536x1152.jpg 1536w, https:\/\/hillerschevilla.de\/netzwerkstatt-blog\/wp-content\/uploads\/2023\/10\/Bild-Blog-TdoD-2023-2048x1536.jpg 2048w, https:\/\/hillerschevilla.de\/netzwerkstatt-blog\/wp-content\/uploads\/2023\/10\/Bild-Blog-TdoD-2023-200x150.jpg 200w\" sizes=\"(max-width: 290px) 100vw, 290px\" \/><\/div><a class=\"wp-block-latest-posts__post-title\" href=\"https:\/\/hillerschevilla.de\/netzwerkstatt-blog\/entdecken-und-erinnern-rueckschau-auf-den-tag-des-offenen-denkmals-2023\/\">Entdecken und Erinnern &#8211; R\u00fcckschau auf den Tag des offenen Denkmals 2023<\/a><div class=\"wp-block-latest-posts__post-excerpt\">&#8222;Wir wussten gar nicht, dass es in Zittau einen j\u00fcdischen Friedhof gibt!&#8220; &#8211; Dieser Satz fiel h\u00e4ufiger, am diesj\u00e4hrigen Tag des offenen Denkmals. Zahlreiche Besucher*innen nutzten das sch\u00f6ne Wetter und die Gelegenheit, den j\u00fcdischen Friedhof in Zittau entweder auf eigene Faust \u00a0\u2026 <a href=\"https:\/\/hillerschevilla.de\/netzwerkstatt-blog\/entdecken-und-erinnern-rueckschau-auf-den-tag-des-offenen-denkmals-2023\/\" rel=\"noopener noreferrer\">Weiterlesen<\/a><\/div><\/li>\n<li><div class=\"wp-block-latest-posts__featured-image aligncenter\"><img src=\"https:\/\/hillerschevilla.de\/netzwerkstatt-blog\/wp-content\/uploads\/2023\/06\/IMG_2078-290x193.jpg\" class=\"attachment-medium size-medium wp-post-image\" alt=\"\" decoding=\"async\" style=\"\" srcset=\"https:\/\/hillerschevilla.de\/netzwerkstatt-blog\/wp-content\/uploads\/2023\/06\/IMG_2078-290x193.jpg 290w, https:\/\/hillerschevilla.de\/netzwerkstatt-blog\/wp-content\/uploads\/2023\/06\/IMG_2078-449x299.jpg 449w, https:\/\/hillerschevilla.de\/netzwerkstatt-blog\/wp-content\/uploads\/2023\/06\/IMG_2078-940x627.jpg 940w, https:\/\/hillerschevilla.de\/netzwerkstatt-blog\/wp-content\/uploads\/2023\/06\/IMG_2078-768x512.jpg 768w, https:\/\/hillerschevilla.de\/netzwerkstatt-blog\/wp-content\/uploads\/2023\/06\/IMG_2078-1536x1024.jpg 1536w, https:\/\/hillerschevilla.de\/netzwerkstatt-blog\/wp-content\/uploads\/2023\/06\/IMG_2078-2048x1365.jpg 2048w, https:\/\/hillerschevilla.de\/netzwerkstatt-blog\/wp-content\/uploads\/2023\/06\/IMG_2078-211x141.jpg 211w\" sizes=\"(max-width: 290px) 100vw, 290px\" \/><\/div><a class=\"wp-block-latest-posts__post-title\" href=\"https:\/\/hillerschevilla.de\/netzwerkstatt-blog\/zu-gast-bei-anne-frank\/\">Zu Gast bei Anne Frank<\/a><div class=\"wp-block-latest-posts__post-excerpt\">Hallo ich hei\u00dfe Norman Sa\u00df, ich lebe und arbeite im Pater Kolbe Hof in Schlegel. Zurzeit mache ich ein Praktikum in der Netzwerkstatt der Hillerschen Villa. So habe ich auch das Projekt \u201eAnne Frank\u201c erlebt, von denen ich einmal berichten m\u00f6chte: \u00a0\u2026 <a href=\"https:\/\/hillerschevilla.de\/netzwerkstatt-blog\/zu-gast-bei-anne-frank\/\" rel=\"noopener noreferrer\">Weiterlesen<\/a><\/div><\/li>\n<li><div class=\"wp-block-latest-posts__featured-image aligncenter\"><img src=\"https:\/\/hillerschevilla.de\/netzwerkstatt-blog\/wp-content\/uploads\/2023\/06\/IMG_2233-290x193.jpg\" class=\"attachment-medium size-medium wp-post-image\" alt=\"\" decoding=\"async\" style=\"\" srcset=\"https:\/\/hillerschevilla.de\/netzwerkstatt-blog\/wp-content\/uploads\/2023\/06\/IMG_2233-290x193.jpg 290w, https:\/\/hillerschevilla.de\/netzwerkstatt-blog\/wp-content\/uploads\/2023\/06\/IMG_2233-449x299.jpg 449w, https:\/\/hillerschevilla.de\/netzwerkstatt-blog\/wp-content\/uploads\/2023\/06\/IMG_2233-940x627.jpg 940w, https:\/\/hillerschevilla.de\/netzwerkstatt-blog\/wp-content\/uploads\/2023\/06\/IMG_2233-768x512.jpg 768w, https:\/\/hillerschevilla.de\/netzwerkstatt-blog\/wp-content\/uploads\/2023\/06\/IMG_2233-1536x1024.jpg 1536w, https:\/\/hillerschevilla.de\/netzwerkstatt-blog\/wp-content\/uploads\/2023\/06\/IMG_2233-2048x1365.jpg 2048w, https:\/\/hillerschevilla.de\/netzwerkstatt-blog\/wp-content\/uploads\/2023\/06\/IMG_2233-211x141.jpg 211w\" sizes=\"(max-width: 290px) 100vw, 290px\" \/><\/div><a class=\"wp-block-latest-posts__post-title\" href=\"https:\/\/hillerschevilla.de\/netzwerkstatt-blog\/poetry-slam-mit-anne-frank\/\">Poetry-Slam mit Anne Frank<\/a><div class=\"wp-block-latest-posts__post-excerpt\">Gespannte Zuh\u00f6ren \u2013 so kann man die gestrige Atmosph\u00e4re im Kirchensaal Herrnhut am besten beschreiben. 9 Sch\u00fcler und Sch\u00fclerinnen der ev. Zinzendorfschulen pr\u00e4sentierten in einem Poetry-Slam ihre eigenen Texte. Unter der \u00dcberschrift \u201eMeine Welt und Anne Frank\u201c luden wir zu zwei \u00a0\u2026 <a href=\"https:\/\/hillerschevilla.de\/netzwerkstatt-blog\/poetry-slam-mit-anne-frank\/\" rel=\"noopener noreferrer\">Weiterlesen<\/a><\/div><\/li>\n<li><div class=\"wp-block-latest-posts__featured-image aligncenter\"><img src=\"https:\/\/hillerschevilla.de\/netzwerkstatt-blog\/wp-content\/uploads\/2023\/06\/Lauren-50-290x193.jpg\" class=\"attachment-medium size-medium wp-post-image\" alt=\"\" decoding=\"async\" style=\"\" srcset=\"https:\/\/hillerschevilla.de\/netzwerkstatt-blog\/wp-content\/uploads\/2023\/06\/Lauren-50-290x193.jpg 290w, https:\/\/hillerschevilla.de\/netzwerkstatt-blog\/wp-content\/uploads\/2023\/06\/Lauren-50-449x299.jpg 449w, https:\/\/hillerschevilla.de\/netzwerkstatt-blog\/wp-content\/uploads\/2023\/06\/Lauren-50-940x625.jpg 940w, https:\/\/hillerschevilla.de\/netzwerkstatt-blog\/wp-content\/uploads\/2023\/06\/Lauren-50-768x511.jpg 768w, https:\/\/hillerschevilla.de\/netzwerkstatt-blog\/wp-content\/uploads\/2023\/06\/Lauren-50-1536x1022.jpg 1536w, https:\/\/hillerschevilla.de\/netzwerkstatt-blog\/wp-content\/uploads\/2023\/06\/Lauren-50-2048x1362.jpg 2048w, https:\/\/hillerschevilla.de\/netzwerkstatt-blog\/wp-content\/uploads\/2023\/06\/Lauren-50-211x140.jpg 211w\" sizes=\"(max-width: 290px) 100vw, 290px\" \/><\/div><a class=\"wp-block-latest-posts__post-title\" href=\"https:\/\/hillerschevilla.de\/netzwerkstatt-blog\/mitzvah\/\">MITZVAH<\/a><div class=\"wp-block-latest-posts__post-excerpt\">Das sind Worte, die ich schon oft geh\u00f6rt habe, um den J\u00fcdischen Friedhof G\u00f6rlitz zu beschreiben. Aber was ist er wirklich? Fangen wir mit der Vorgeschichte an<\/div><\/li>\n<li><div class=\"wp-block-latest-posts__featured-image aligncenter\"><img src=\"https:\/\/hillerschevilla.de\/netzwerkstatt-blog\/wp-content\/uploads\/2023\/06\/IMG_2003-290x193.jpg\" class=\"attachment-medium size-medium wp-post-image\" alt=\"\" decoding=\"async\" style=\"\" srcset=\"https:\/\/hillerschevilla.de\/netzwerkstatt-blog\/wp-content\/uploads\/2023\/06\/IMG_2003-290x193.jpg 290w, https:\/\/hillerschevilla.de\/netzwerkstatt-blog\/wp-content\/uploads\/2023\/06\/IMG_2003-449x299.jpg 449w, https:\/\/hillerschevilla.de\/netzwerkstatt-blog\/wp-content\/uploads\/2023\/06\/IMG_2003-940x627.jpg 940w, https:\/\/hillerschevilla.de\/netzwerkstatt-blog\/wp-content\/uploads\/2023\/06\/IMG_2003-768x512.jpg 768w, https:\/\/hillerschevilla.de\/netzwerkstatt-blog\/wp-content\/uploads\/2023\/06\/IMG_2003-1536x1024.jpg 1536w, https:\/\/hillerschevilla.de\/netzwerkstatt-blog\/wp-content\/uploads\/2023\/06\/IMG_2003-2048x1365.jpg 2048w, https:\/\/hillerschevilla.de\/netzwerkstatt-blog\/wp-content\/uploads\/2023\/06\/IMG_2003-211x141.jpg 211w\" sizes=\"(max-width: 290px) 100vw, 290px\" \/><\/div><a class=\"wp-block-latest-posts__post-title\" href=\"https:\/\/hillerschevilla.de\/netzwerkstatt-blog\/ausstellung-eroeffnet\/\">Ausstellung er\u00f6ffnet<\/a><div class=\"wp-block-latest-posts__post-excerpt\">Endlich war es soweit \u2013 wir konnten gemeinsam die Ausstellung \u201eLesen und Schreiben mit Anne Frank\u201c er\u00f6ffnen. Der Herrnhuter Kirchensaal war gut gef\u00fcllt, Sch\u00fcler und Sch\u00fclerinnen der Johann-Amos-Comenius Schule und der evangelischen Zinzendorfschulen Herrnhut waren zu Gast, aber auch einige weitere \u00a0\u2026 <a href=\"https:\/\/hillerschevilla.de\/netzwerkstatt-blog\/ausstellung-eroeffnet\/\" rel=\"noopener noreferrer\">Weiterlesen<\/a><\/div><\/li>\n<li><div class=\"wp-block-latest-posts__featured-image aligncenter\"><img src=\"https:\/\/hillerschevilla.de\/netzwerkstatt-blog\/wp-content\/uploads\/2023\/05\/01_Titelbild-290x205.jpg\" class=\"attachment-medium size-medium wp-post-image\" alt=\"\" decoding=\"async\" style=\"\" srcset=\"https:\/\/hillerschevilla.de\/netzwerkstatt-blog\/wp-content\/uploads\/2023\/05\/01_Titelbild-290x205.jpg 290w, https:\/\/hillerschevilla.de\/netzwerkstatt-blog\/wp-content\/uploads\/2023\/05\/01_Titelbild-430x304.jpg 430w, https:\/\/hillerschevilla.de\/netzwerkstatt-blog\/wp-content\/uploads\/2023\/05\/01_Titelbild-940x665.jpg 940w, https:\/\/hillerschevilla.de\/netzwerkstatt-blog\/wp-content\/uploads\/2023\/05\/01_Titelbild-768x543.jpg 768w, https:\/\/hillerschevilla.de\/netzwerkstatt-blog\/wp-content\/uploads\/2023\/05\/01_Titelbild-1536x1086.jpg 1536w, https:\/\/hillerschevilla.de\/netzwerkstatt-blog\/wp-content\/uploads\/2023\/05\/01_Titelbild-2048x1448.jpg 2048w, https:\/\/hillerschevilla.de\/netzwerkstatt-blog\/wp-content\/uploads\/2023\/05\/01_Titelbild-211x150.jpg 211w\" sizes=\"(max-width: 290px) 100vw, 290px\" \/><\/div><a class=\"wp-block-latest-posts__post-title\" href=\"https:\/\/hillerschevilla.de\/netzwerkstatt-blog\/denke-ich-an-anne-frank\/\">Denke ich an Anne Frank&#8230;<\/a><div class=\"wp-block-latest-posts__post-excerpt\">Anne-Frank-Tagebuch zum Leihen, Lesen &amp; Besprechen Im Juni wird eine Ausstellung \u00fcber Anne Frank zu Gast im Herrnhuter Kirchensaal sein. Diese stellt die Begeisterung des j\u00fcdischen M\u00e4dchens f\u00fcrs Schreiben und Lesen in den Mittelpunkt. Im Rahmen des Begleitprogramms wird am 19. \u00a0\u2026 <a href=\"https:\/\/hillerschevilla.de\/netzwerkstatt-blog\/denke-ich-an-anne-frank\/\" rel=\"noopener noreferrer\">Weiterlesen<\/a><\/div><\/li>\n<li><div class=\"wp-block-latest-posts__featured-image aligncenter\"><img src=\"https:\/\/hillerschevilla.de\/netzwerkstatt-blog\/wp-content\/uploads\/2023\/03\/E5BAE369-DD85-484F-80E4-560B642A2947_1_201_a-1-290x181.webp\" class=\"attachment-medium size-medium wp-post-image\" alt=\"\" decoding=\"async\" style=\"\" srcset=\"https:\/\/hillerschevilla.de\/netzwerkstatt-blog\/wp-content\/uploads\/2023\/03\/E5BAE369-DD85-484F-80E4-560B642A2947_1_201_a-1-290x181.webp 290w, https:\/\/hillerschevilla.de\/netzwerkstatt-blog\/wp-content\/uploads\/2023\/03\/E5BAE369-DD85-484F-80E4-560B642A2947_1_201_a-1-449x280.webp 449w, https:\/\/hillerschevilla.de\/netzwerkstatt-blog\/wp-content\/uploads\/2023\/03\/E5BAE369-DD85-484F-80E4-560B642A2947_1_201_a-1-940x586.webp 940w, https:\/\/hillerschevilla.de\/netzwerkstatt-blog\/wp-content\/uploads\/2023\/03\/E5BAE369-DD85-484F-80E4-560B642A2947_1_201_a-1-768x479.webp 768w, https:\/\/hillerschevilla.de\/netzwerkstatt-blog\/wp-content\/uploads\/2023\/03\/E5BAE369-DD85-484F-80E4-560B642A2947_1_201_a-1-211x132.webp 211w, https:\/\/hillerschevilla.de\/netzwerkstatt-blog\/wp-content\/uploads\/2023\/03\/E5BAE369-DD85-484F-80E4-560B642A2947_1_201_a-1.webp 1200w\" sizes=\"(max-width: 290px) 100vw, 290px\" \/><\/div><a class=\"wp-block-latest-posts__post-title\" href=\"https:\/\/hillerschevilla.de\/netzwerkstatt-blog\/29-maerz-1933-in-goerlitz\/\">29. M\u00e4rz 1933 in G\u00f6rlitz<\/a><div class=\"wp-block-latest-posts__post-excerpt\">Einer der sch\u00f6nsten Pl\u00e4tze in der Stadt G\u00f6rlitz ist der G\u00f6rlitzer Postplatz.\u00a0 Er ist einer dieser ganz besonderen Orte in G\u00f6rlitz, an dem man auf einen Blick f\u00fcnf verschiedene Epochen der Architektur sehen kann.\u00a0 Erstaunlicherweise hat sich dieser Blick in den letzten 100 Jahren kaum ver\u00e4ndert.\u00a0 In den letzten drei Jahren, in denen ich daran gearbeitet habe, die ehemaligen j\u00fcdischen Einwohner von G\u00f6rlitz und ihre Familien wieder mit der Stadt zu verbinden, habe ich erfahren, dass dieser Platz f\u00fcr einige auch besonders schwierige Erinnerungen bereith\u00e4lt.\u00a0<\/div><\/li>\n<li><div class=\"wp-block-latest-posts__featured-image aligncenter\"><img src=\"https:\/\/hillerschevilla.de\/netzwerkstatt-blog\/wp-content\/uploads\/2023\/01\/Mirotice-Mirotitz-252x220.jpg\" class=\"attachment-medium size-medium wp-post-image\" alt=\"\" decoding=\"async\" style=\"\" srcset=\"https:\/\/hillerschevilla.de\/netzwerkstatt-blog\/wp-content\/uploads\/2023\/01\/Mirotice-Mirotitz-252x220.jpg 252w, https:\/\/hillerschevilla.de\/netzwerkstatt-blog\/wp-content\/uploads\/2023\/01\/Mirotice-Mirotitz-348x304.jpg 348w, https:\/\/hillerschevilla.de\/netzwerkstatt-blog\/wp-content\/uploads\/2023\/01\/Mirotice-Mirotitz-789x690.jpg 789w, https:\/\/hillerschevilla.de\/netzwerkstatt-blog\/wp-content\/uploads\/2023\/01\/Mirotice-Mirotitz-768x671.jpg 768w, https:\/\/hillerschevilla.de\/netzwerkstatt-blog\/wp-content\/uploads\/2023\/01\/Mirotice-Mirotitz-172x150.jpg 172w, https:\/\/hillerschevilla.de\/netzwerkstatt-blog\/wp-content\/uploads\/2023\/01\/Mirotice-Mirotitz.jpg 1476w\" sizes=\"(max-width: 252px) 100vw, 252px\" \/><\/div><a class=\"wp-block-latest-posts__post-title\" href=\"https:\/\/hillerschevilla.de\/netzwerkstatt-blog\/unsichtbare-synagogen\/\">UNSICHTBARE SYNAGOGEN<\/a><div class=\"wp-block-latest-posts__post-excerpt\">auf den Fotografien von \u0160t\u011bp\u00e1n Barto\u0161\n\nAm Donnerstag, den 26. Januar, fand in der Kulturkneipe Jolesch in Zittau die Vernissage der Fotografien &#8222;Unsichtbare Synagoge&#8220; statt. Die Ausstellung pr\u00e4sentiert fast 20 originale, mechanisch bearbeitete Fotografien des ostb\u00f6hmischen Fotografen \u0160t\u011bp\u00e1n Bartos, der Orte in der Tschechischen Republik vorstellt, an denen fr\u00fcher j\u00fcdische Synagogen standen.<\/div><\/li>\n<li><div class=\"wp-block-latest-posts__featured-image aligncenter\"><img src=\"https:\/\/hillerschevilla.de\/netzwerkstatt-blog\/wp-content\/uploads\/2023\/02\/Blogbild-290x163.png\" class=\"attachment-medium size-medium wp-post-image\" alt=\"Titel der Veranstaltung\" decoding=\"async\" style=\"\" srcset=\"https:\/\/hillerschevilla.de\/netzwerkstatt-blog\/wp-content\/uploads\/2023\/02\/Blogbild-290x163.png 290w, https:\/\/hillerschevilla.de\/netzwerkstatt-blog\/wp-content\/uploads\/2023\/02\/Blogbild-449x253.png 449w, https:\/\/hillerschevilla.de\/netzwerkstatt-blog\/wp-content\/uploads\/2023\/02\/Blogbild-940x530.png 940w, https:\/\/hillerschevilla.de\/netzwerkstatt-blog\/wp-content\/uploads\/2023\/02\/Blogbild-768x433.png 768w, https:\/\/hillerschevilla.de\/netzwerkstatt-blog\/wp-content\/uploads\/2023\/02\/Blogbild-1536x865.png 1536w, https:\/\/hillerschevilla.de\/netzwerkstatt-blog\/wp-content\/uploads\/2023\/02\/Blogbild-211x119.png 211w, https:\/\/hillerschevilla.de\/netzwerkstatt-blog\/wp-content\/uploads\/2023\/02\/Blogbild.png 1640w\" sizes=\"(max-width: 290px) 100vw, 290px\" \/><\/div><a class=\"wp-block-latest-posts__post-title\" href=\"https:\/\/hillerschevilla.de\/netzwerkstatt-blog\/unsterblichkeit-der-sterne\/\">UNSTERBLICHKEIT DER STERNE<\/a><div class=\"wp-block-latest-posts__post-excerpt\">Die Veranstaltung erinnert an die B\u00fccherverbrennung in Zittau am 8. M\u00e4rz 1933 und all die vielen &#8222;verschwundenen&#8220; B\u00fccher in der Zeit des Nationalsozialismus: Sie erinnert daran, wie eine damalige wissenschaftliche Elite den deutschen Geist zu verbrennen versuchte und die Sterne unsterblich blieben.<\/div><\/li>\n<li><div class=\"wp-block-latest-posts__featured-image aligncenter\"><img src=\"https:\/\/hillerschevilla.de\/netzwerkstatt-blog\/wp-content\/uploads\/2022\/12\/0_Deck_vorn-1-156x220.jpg\" class=\"attachment-medium size-medium wp-post-image\" alt=\"\" decoding=\"async\" style=\"\" srcset=\"https:\/\/hillerschevilla.de\/netzwerkstatt-blog\/wp-content\/uploads\/2022\/12\/0_Deck_vorn-1-156x220.jpg 156w, https:\/\/hillerschevilla.de\/netzwerkstatt-blog\/wp-content\/uploads\/2022\/12\/0_Deck_vorn-1-216x304.jpg 216w, https:\/\/hillerschevilla.de\/netzwerkstatt-blog\/wp-content\/uploads\/2022\/12\/0_Deck_vorn-1-490x690.jpg 490w, https:\/\/hillerschevilla.de\/netzwerkstatt-blog\/wp-content\/uploads\/2022\/12\/0_Deck_vorn-1-768x1082.jpg 768w, https:\/\/hillerschevilla.de\/netzwerkstatt-blog\/wp-content\/uploads\/2022\/12\/0_Deck_vorn-1-1090x1536.jpg 1090w, https:\/\/hillerschevilla.de\/netzwerkstatt-blog\/wp-content\/uploads\/2022\/12\/0_Deck_vorn-1-1454x2048.jpg 1454w, https:\/\/hillerschevilla.de\/netzwerkstatt-blog\/wp-content\/uploads\/2022\/12\/0_Deck_vorn-1-106x150.jpg 106w, https:\/\/hillerschevilla.de\/netzwerkstatt-blog\/wp-content\/uploads\/2022\/12\/0_Deck_vorn-1.jpg 1706w\" sizes=\"(max-width: 156px) 100vw, 156px\" \/><\/div><a class=\"wp-block-latest-posts__post-title\" href=\"https:\/\/hillerschevilla.de\/netzwerkstatt-blog\/die-welt-ist-klein-geworden\/\">Die Welt ist klein geworden&#8230;<\/a><div class=\"wp-block-latest-posts__post-excerpt\">Die Welt ist klein geworden\u2026 Am Abend des 13.12. beendeten wir ein ganz besonderes Projektjahr. Die letzte Veranstaltung im Rahmen unseres \u201eJahresthemas\u201c \u2013 Anne Frank \u2013 fand statt. Julia Boegershausen (Gesang) und Bj\u00f6rn Bewerich (Piano) pr\u00e4sentierten ihr Programm \u201eLebenslieder\u201c. Ein Programm \u00a0\u2026 <a href=\"https:\/\/hillerschevilla.de\/netzwerkstatt-blog\/die-welt-ist-klein-geworden\/\" rel=\"noopener noreferrer\">Weiterlesen<\/a><\/div><\/li>\n<li><div class=\"wp-block-latest-posts__featured-image aligncenter\"><img src=\"https:\/\/hillerschevilla.de\/netzwerkstatt-blog\/wp-content\/uploads\/2022\/09\/IMG_3298-1-scaled-e1663332968202-290x163.jpg\" class=\"attachment-medium size-medium wp-post-image\" alt=\"\" decoding=\"async\" style=\"\" srcset=\"https:\/\/hillerschevilla.de\/netzwerkstatt-blog\/wp-content\/uploads\/2022\/09\/IMG_3298-1-scaled-e1663332968202-290x163.jpg 290w, https:\/\/hillerschevilla.de\/netzwerkstatt-blog\/wp-content\/uploads\/2022\/09\/IMG_3298-1-scaled-e1663332968202-449x253.jpg 449w, https:\/\/hillerschevilla.de\/netzwerkstatt-blog\/wp-content\/uploads\/2022\/09\/IMG_3298-1-scaled-e1663332968202-940x529.jpg 940w, https:\/\/hillerschevilla.de\/netzwerkstatt-blog\/wp-content\/uploads\/2022\/09\/IMG_3298-1-scaled-e1663332968202-768x432.jpg 768w, https:\/\/hillerschevilla.de\/netzwerkstatt-blog\/wp-content\/uploads\/2022\/09\/IMG_3298-1-scaled-e1663332968202-1536x864.jpg 1536w, https:\/\/hillerschevilla.de\/netzwerkstatt-blog\/wp-content\/uploads\/2022\/09\/IMG_3298-1-scaled-e1663332968202-2048x1152.jpg 2048w, https:\/\/hillerschevilla.de\/netzwerkstatt-blog\/wp-content\/uploads\/2022\/09\/IMG_3298-1-scaled-e1663332968202-211x119.jpg 211w\" sizes=\"(max-width: 290px) 100vw, 290px\" \/><\/div><a class=\"wp-block-latest-posts__post-title\" href=\"https:\/\/hillerschevilla.de\/netzwerkstatt-blog\/tag-des-offenen-denkmals-2022\/\">Tag des offenen Denkmals auf dem j\u00fcdischen Friedhof Zittau<\/a><div class=\"wp-block-latest-posts__post-excerpt\">Am Sonntag, den 11. September 2022 nutzen viele Besucher: innen die Chance und besichtigten den J\u00fcdischen Friedhof Zittau in der Zeit von 10:00 bis 17:00 Uhr zum Tag des offenen Denkmals 2022.<\/div><\/li>\n<li><div class=\"wp-block-latest-posts__featured-image aligncenter\"><img src=\"https:\/\/hillerschevilla.de\/netzwerkstatt-blog\/wp-content\/uploads\/2022\/08\/21_AUG1-290x189.jpg\" class=\"attachment-medium size-medium wp-post-image\" alt=\"\" decoding=\"async\" style=\"\" srcset=\"https:\/\/hillerschevilla.de\/netzwerkstatt-blog\/wp-content\/uploads\/2022\/08\/21_AUG1-290x189.jpg 290w, https:\/\/hillerschevilla.de\/netzwerkstatt-blog\/wp-content\/uploads\/2022\/08\/21_AUG1-449x292.jpg 449w, https:\/\/hillerschevilla.de\/netzwerkstatt-blog\/wp-content\/uploads\/2022\/08\/21_AUG1-940x612.jpg 940w, https:\/\/hillerschevilla.de\/netzwerkstatt-blog\/wp-content\/uploads\/2022\/08\/21_AUG1-768x500.jpg 768w, https:\/\/hillerschevilla.de\/netzwerkstatt-blog\/wp-content\/uploads\/2022\/08\/21_AUG1-1536x1000.jpg 1536w, https:\/\/hillerschevilla.de\/netzwerkstatt-blog\/wp-content\/uploads\/2022\/08\/21_AUG1-2048x1333.jpg 2048w, https:\/\/hillerschevilla.de\/netzwerkstatt-blog\/wp-content\/uploads\/2022\/08\/21_AUG1-211x137.jpg 211w\" sizes=\"(max-width: 290px) 100vw, 290px\" \/><\/div><a class=\"wp-block-latest-posts__post-title\" href=\"https:\/\/hillerschevilla.de\/netzwerkstatt-blog\/der-gelbe-faden\/\">&#8222;Der gelbe Faden&#8220; &#8211; unser Podcast zur j\u00fcdischen Geschichte der Oberlausitz<\/a><div class=\"wp-block-latest-posts__post-excerpt\">Podcast, der: ein H\u00f6rbeitrag, der als Audiodatei im MP3-Format im Internet zum Herunterladen oder Streamen angeboten wird J\u00fcdische Geschichte der Oberlausitz, die: ??? Als wir im Zuge des Tacheles Oberlausitz-Projekts gemeinsam mit unseren Kolleg:innen vom IBZ St. Marienthal und vom F\u00f6rderkreis \u00a0\u2026 <a href=\"https:\/\/hillerschevilla.de\/netzwerkstatt-blog\/der-gelbe-faden\/\" rel=\"noopener noreferrer\">Weiterlesen<\/a><\/div><\/li>\n<li><div class=\"wp-block-latest-posts__featured-image aligncenter\"><img src=\"https:\/\/hillerschevilla.de\/netzwerkstatt-blog\/wp-content\/uploads\/2022\/08\/Titelbild-Abschluss-MAZEWA-290x163.jpg\" class=\"attachment-medium size-medium wp-post-image\" alt=\"\" decoding=\"async\" style=\"\" srcset=\"https:\/\/hillerschevilla.de\/netzwerkstatt-blog\/wp-content\/uploads\/2022\/08\/Titelbild-Abschluss-MAZEWA-290x163.jpg 290w, https:\/\/hillerschevilla.de\/netzwerkstatt-blog\/wp-content\/uploads\/2022\/08\/Titelbild-Abschluss-MAZEWA-449x253.jpg 449w, https:\/\/hillerschevilla.de\/netzwerkstatt-blog\/wp-content\/uploads\/2022\/08\/Titelbild-Abschluss-MAZEWA-940x529.jpg 940w, https:\/\/hillerschevilla.de\/netzwerkstatt-blog\/wp-content\/uploads\/2022\/08\/Titelbild-Abschluss-MAZEWA-768x432.jpg 768w, https:\/\/hillerschevilla.de\/netzwerkstatt-blog\/wp-content\/uploads\/2022\/08\/Titelbild-Abschluss-MAZEWA-1536x864.jpg 1536w, https:\/\/hillerschevilla.de\/netzwerkstatt-blog\/wp-content\/uploads\/2022\/08\/Titelbild-Abschluss-MAZEWA-2048x1152.jpg 2048w, https:\/\/hillerschevilla.de\/netzwerkstatt-blog\/wp-content\/uploads\/2022\/08\/Titelbild-Abschluss-MAZEWA-211x119.jpg 211w\" sizes=\"(max-width: 290px) 100vw, 290px\" \/><\/div><a class=\"wp-block-latest-posts__post-title\" href=\"https:\/\/hillerschevilla.de\/netzwerkstatt-blog\/zwei-jahre-mazewa\/\">Zwei Jahre MAZEWA &#8211; Gemeinsam j\u00fcdische Geschichte in die Zukunft bringen<\/a><div class=\"wp-block-latest-posts__post-excerpt\">Das vielschichtige Projekt gliederte sich in zwei Freiwilligenprojekte, die digitale Erschlie\u00dfung des j\u00fcdischen Friedhofs Zittau in Form eines virtuellen Rundgangs sowie das wieder Sichtbarmachen der 1938 gesprengten Trauerhalle und die Errichtung von Interpretationstafeln auf dem Friedhofsgel\u00e4nde. Ein kulturelles Rahmenprogramm begleitete das Projekt.<\/div><\/li>\n<li><div class=\"wp-block-latest-posts__featured-image aligncenter\"><img src=\"https:\/\/hillerschevilla.de\/netzwerkstatt-blog\/wp-content\/uploads\/2022\/05\/IMG_1147-290x193.jpg\" class=\"attachment-medium size-medium wp-post-image\" alt=\"\" decoding=\"async\" style=\"\" srcset=\"https:\/\/hillerschevilla.de\/netzwerkstatt-blog\/wp-content\/uploads\/2022\/05\/IMG_1147-290x193.jpg 290w, https:\/\/hillerschevilla.de\/netzwerkstatt-blog\/wp-content\/uploads\/2022\/05\/IMG_1147-449x299.jpg 449w, https:\/\/hillerschevilla.de\/netzwerkstatt-blog\/wp-content\/uploads\/2022\/05\/IMG_1147-940x627.jpg 940w, https:\/\/hillerschevilla.de\/netzwerkstatt-blog\/wp-content\/uploads\/2022\/05\/IMG_1147-768x512.jpg 768w, https:\/\/hillerschevilla.de\/netzwerkstatt-blog\/wp-content\/uploads\/2022\/05\/IMG_1147-1536x1024.jpg 1536w, https:\/\/hillerschevilla.de\/netzwerkstatt-blog\/wp-content\/uploads\/2022\/05\/IMG_1147-2048x1365.jpg 2048w, https:\/\/hillerschevilla.de\/netzwerkstatt-blog\/wp-content\/uploads\/2022\/05\/IMG_1147-211x141.jpg 211w\" sizes=\"(max-width: 290px) 100vw, 290px\" \/><\/div><a class=\"wp-block-latest-posts__post-title\" href=\"https:\/\/hillerschevilla.de\/netzwerkstatt-blog\/radtour-zu-historischen-orten-der-befreiung\/\">8. Mai 1945\/2022 &#8211; Radtour zu historischen Orten der Befreiung<\/a><div class=\"wp-block-latest-posts__post-excerpt\">Anl\u00e4sslich des 77. Jahrestages des Tags der Befreiung am 8. Mai 1945 hat die Netzwerkstatt ein neues Format ausgetestet. In gem\u00fctlicher Runde unternahmen wir bei sonnigem Wetter eine Fahrradtour in und um Zittau. <\/div><\/li>\n<li><div class=\"wp-block-latest-posts__featured-image aligncenter\"><img src=\"https:\/\/hillerschevilla.de\/netzwerkstatt-blog\/wp-content\/uploads\/2022\/04\/Zurbaran_Agnus-Dei-c.1635-40-290x178.jpg\" class=\"attachment-medium size-medium wp-post-image\" alt=\"\" decoding=\"async\" style=\"\" srcset=\"https:\/\/hillerschevilla.de\/netzwerkstatt-blog\/wp-content\/uploads\/2022\/04\/Zurbaran_Agnus-Dei-c.1635-40-290x178.jpg 290w, https:\/\/hillerschevilla.de\/netzwerkstatt-blog\/wp-content\/uploads\/2022\/04\/Zurbaran_Agnus-Dei-c.1635-40-449x275.jpg 449w, https:\/\/hillerschevilla.de\/netzwerkstatt-blog\/wp-content\/uploads\/2022\/04\/Zurbaran_Agnus-Dei-c.1635-40-211x129.jpg 211w, https:\/\/hillerschevilla.de\/netzwerkstatt-blog\/wp-content\/uploads\/2022\/04\/Zurbaran_Agnus-Dei-c.1635-40.jpg 640w\" sizes=\"(max-width: 290px) 100vw, 290px\" \/><\/div><a class=\"wp-block-latest-posts__post-title\" href=\"https:\/\/hillerschevilla.de\/netzwerkstatt-blog\/stammen-pessach-und-osterlamm-voneinander-ab-zwei-hochfeste-als-beispiel-fuer-die-tiefgreifende-verbindung-zweier-weltreligionen\/\">Stammen Pessach- und Osterlamm voneinander ab? Zwei Hochfeste als Beispiel f\u00fcr die tiefgreifende Verbindung zweier Weltreligionen<\/a><div class=\"wp-block-latest-posts__post-excerpt\">Auch im Jahr 2022 ergibt sich ein nicht ungew\u00f6hnliches und doch aufsehenerregendes Ph\u00e4nomen. Pessach Erev, der Vorabend des ersten Pessach-Tages, f\u00e4llt mit dem Karfreitag in der christlichen Osterzeit zusammen. Pessach beginnt mit dem ersten Fr\u00fchjahrsvollmond jeden Jahres. Der Fr\u00fchlingsanfang im j\u00fcdischen \u00a0\u2026 <a href=\"https:\/\/hillerschevilla.de\/netzwerkstatt-blog\/stammen-pessach-und-osterlamm-voneinander-ab-zwei-hochfeste-als-beispiel-fuer-die-tiefgreifende-verbindung-zweier-weltreligionen\/\" rel=\"noopener noreferrer\">Weiterlesen<\/a><\/div><\/li>\n<li><div class=\"wp-block-latest-posts__featured-image aligncenter\"><img src=\"https:\/\/hillerschevilla.de\/netzwerkstatt-blog\/wp-content\/uploads\/2022\/02\/Ausstellung_gesamt_DEINE_ANNE_COPY_Anne_Frank_Zentrum_Mandy_Kloetzer-290x195.jpg\" class=\"attachment-medium size-medium wp-post-image\" alt=\"\" decoding=\"async\" style=\"\" srcset=\"https:\/\/hillerschevilla.de\/netzwerkstatt-blog\/wp-content\/uploads\/2022\/02\/Ausstellung_gesamt_DEINE_ANNE_COPY_Anne_Frank_Zentrum_Mandy_Kloetzer-290x195.jpg 290w, https:\/\/hillerschevilla.de\/netzwerkstatt-blog\/wp-content\/uploads\/2022\/02\/Ausstellung_gesamt_DEINE_ANNE_COPY_Anne_Frank_Zentrum_Mandy_Kloetzer-449x302.jpg 449w, https:\/\/hillerschevilla.de\/netzwerkstatt-blog\/wp-content\/uploads\/2022\/02\/Ausstellung_gesamt_DEINE_ANNE_COPY_Anne_Frank_Zentrum_Mandy_Kloetzer-940x632.jpg 940w, https:\/\/hillerschevilla.de\/netzwerkstatt-blog\/wp-content\/uploads\/2022\/02\/Ausstellung_gesamt_DEINE_ANNE_COPY_Anne_Frank_Zentrum_Mandy_Kloetzer-768x516.jpg 768w, https:\/\/hillerschevilla.de\/netzwerkstatt-blog\/wp-content\/uploads\/2022\/02\/Ausstellung_gesamt_DEINE_ANNE_COPY_Anne_Frank_Zentrum_Mandy_Kloetzer-211x142.jpg 211w, https:\/\/hillerschevilla.de\/netzwerkstatt-blog\/wp-content\/uploads\/2022\/02\/Ausstellung_gesamt_DEINE_ANNE_COPY_Anne_Frank_Zentrum_Mandy_Kloetzer.jpg 1200w\" sizes=\"(max-width: 290px) 100vw, 290px\" \/><\/div><a class=\"wp-block-latest-posts__post-title\" href=\"https:\/\/hillerschevilla.de\/netzwerkstatt-blog\/deine-anne\/\">&#8222;Deine Anne &#8211; Ein M\u00e4dchen schreibt Geschichte&#8220; in Zittau<\/a><div class=\"wp-block-latest-posts__post-excerpt\">Gemeinsam mit der Kirchgemeinde St. Johannis und der Stadt Zittau wird die Netzwerkstatt vom 15.6. bis 15.7.2022 die gro\u00dfe Ausstellung des Berliner Anne Frank Zentrums &#8222;Deine Anne &#8211; Ein M\u00e4dchen schreibt Geschichte&#8220; in die Zittauer Johanniskirche holen.&nbsp; Die Ausstellung r\u00fcckt die \u00a0\u2026 <a href=\"https:\/\/hillerschevilla.de\/netzwerkstatt-blog\/deine-anne\/\" rel=\"noopener noreferrer\">Weiterlesen<\/a><\/div><\/li>\n<li><div class=\"wp-block-latest-posts__featured-image aligncenter\"><img src=\"https:\/\/hillerschevilla.de\/netzwerkstatt-blog\/wp-content\/uploads\/2022\/02\/DSC_0551-290x193.jpg\" class=\"attachment-medium size-medium wp-post-image\" alt=\"\" decoding=\"async\" style=\"\" srcset=\"https:\/\/hillerschevilla.de\/netzwerkstatt-blog\/wp-content\/uploads\/2022\/02\/DSC_0551-290x193.jpg 290w, https:\/\/hillerschevilla.de\/netzwerkstatt-blog\/wp-content\/uploads\/2022\/02\/DSC_0551-449x299.jpg 449w, https:\/\/hillerschevilla.de\/netzwerkstatt-blog\/wp-content\/uploads\/2022\/02\/DSC_0551-940x627.jpg 940w, https:\/\/hillerschevilla.de\/netzwerkstatt-blog\/wp-content\/uploads\/2022\/02\/DSC_0551-768x512.jpg 768w, https:\/\/hillerschevilla.de\/netzwerkstatt-blog\/wp-content\/uploads\/2022\/02\/DSC_0551-1536x1024.jpg 1536w, https:\/\/hillerschevilla.de\/netzwerkstatt-blog\/wp-content\/uploads\/2022\/02\/DSC_0551-2048x1365.jpg 2048w, https:\/\/hillerschevilla.de\/netzwerkstatt-blog\/wp-content\/uploads\/2022\/02\/DSC_0551-211x141.jpg 211w\" sizes=\"(max-width: 290px) 100vw, 290px\" \/><\/div><a class=\"wp-block-latest-posts__post-title\" href=\"https:\/\/hillerschevilla.de\/netzwerkstatt-blog\/zwei-zittauer-stolpersteine\/\">Zwei Zittauer Stolpersteine<\/a><div class=\"wp-block-latest-posts__post-excerpt\">Seit 1996 werden durch den K\u00f6lner K\u00fcnstler Gunter Demnig Stolpersteine verlegt. Die pflastersteingro\u00dfen Bl\u00f6cke aus Beton und Messing werden in B\u00fcrgersteige eingesetzt und sind Denkmale f\u00fcr w\u00e4hrend der nationalsozialistischen Herrschaft verfolgte und ermordete Menschen. In Zittau werden sie seit 2005 dank \u00a0\u2026 <a href=\"https:\/\/hillerschevilla.de\/netzwerkstatt-blog\/zwei-zittauer-stolpersteine\/\" rel=\"noopener noreferrer\">Weiterlesen<\/a><\/div><\/li>\n<li><div class=\"wp-block-latest-posts__featured-image aligncenter\"><img src=\"https:\/\/hillerschevilla.de\/netzwerkstatt-blog\/wp-content\/uploads\/2021\/11\/Bild07_Poesiebuchvorstellung_Podium-211107-2-290x218.jpeg\" class=\"attachment-medium size-medium wp-post-image\" alt=\"\" decoding=\"async\" style=\"\" srcset=\"https:\/\/hillerschevilla.de\/netzwerkstatt-blog\/wp-content\/uploads\/2021\/11\/Bild07_Poesiebuchvorstellung_Podium-211107-2-290x218.jpeg 290w, https:\/\/hillerschevilla.de\/netzwerkstatt-blog\/wp-content\/uploads\/2021\/11\/Bild07_Poesiebuchvorstellung_Podium-211107-2-405x304.jpeg 405w, https:\/\/hillerschevilla.de\/netzwerkstatt-blog\/wp-content\/uploads\/2021\/11\/Bild07_Poesiebuchvorstellung_Podium-211107-2-920x690.jpeg 920w, https:\/\/hillerschevilla.de\/netzwerkstatt-blog\/wp-content\/uploads\/2021\/11\/Bild07_Poesiebuchvorstellung_Podium-211107-2-768x576.jpeg 768w, https:\/\/hillerschevilla.de\/netzwerkstatt-blog\/wp-content\/uploads\/2021\/11\/Bild07_Poesiebuchvorstellung_Podium-211107-2-200x150.jpeg 200w, https:\/\/hillerschevilla.de\/netzwerkstatt-blog\/wp-content\/uploads\/2021\/11\/Bild07_Poesiebuchvorstellung_Podium-211107-2.jpeg 1280w\" sizes=\"(max-width: 290px) 100vw, 290px\" \/><\/div><a class=\"wp-block-latest-posts__post-title\" href=\"https:\/\/hillerschevilla.de\/netzwerkstatt-blog\/juedische-gedenkwoche\/\">J\u00fcdische Gedenkwoche in G\u00f6rlitz 2021<\/a><div class=\"wp-block-latest-posts__post-excerpt\">Die erste J\u00fcdische Gedenkwoche in G\u00f6rlitz ist gerade zu Ende gegangen. Vom 4. bis 9. November fanden zahlreiche Veranstaltungen rund um das j\u00fcdische Leben in G\u00f6rlitz statt. Dabei wurde sowohl die Entwicklung und das Erbe der Vorkriegsgemeinde als auch die Geschichte \u00a0\u2026 <a href=\"https:\/\/hillerschevilla.de\/netzwerkstatt-blog\/juedische-gedenkwoche\/\" rel=\"noopener noreferrer\">Weiterlesen<\/a><\/div><\/li>\n<li><div class=\"wp-block-latest-posts__featured-image aligncenter\"><img src=\"https:\/\/hillerschevilla.de\/netzwerkstatt-blog\/wp-content\/uploads\/2021\/09\/RABBIWOLFF_Presse_02_\u00a9UlrichHolz-1-290x193.jpg\" class=\"attachment-medium size-medium wp-post-image\" alt=\"\" decoding=\"async\" style=\"\" srcset=\"https:\/\/hillerschevilla.de\/netzwerkstatt-blog\/wp-content\/uploads\/2021\/09\/RABBIWOLFF_Presse_02_\u00a9UlrichHolz-1-290x193.jpg 290w, https:\/\/hillerschevilla.de\/netzwerkstatt-blog\/wp-content\/uploads\/2021\/09\/RABBIWOLFF_Presse_02_\u00a9UlrichHolz-1-449x299.jpg 449w, https:\/\/hillerschevilla.de\/netzwerkstatt-blog\/wp-content\/uploads\/2021\/09\/RABBIWOLFF_Presse_02_\u00a9UlrichHolz-1-211x141.jpg 211w, https:\/\/hillerschevilla.de\/netzwerkstatt-blog\/wp-content\/uploads\/2021\/09\/RABBIWOLFF_Presse_02_\u00a9UlrichHolz-1-300x200.jpg 300w, https:\/\/hillerschevilla.de\/netzwerkstatt-blog\/wp-content\/uploads\/2021\/09\/RABBIWOLFF_Presse_02_\u00a9UlrichHolz-1.jpg 720w\" sizes=\"(max-width: 290px) 100vw, 290px\" \/><\/div><a class=\"wp-block-latest-posts__post-title\" href=\"https:\/\/hillerschevilla.de\/netzwerkstatt-blog\/danke-rabbi-wolff\/\">Danke, &#8222;Rabbi Wolff&#8220;<\/a><div class=\"wp-block-latest-posts__post-excerpt\">Am Dienstag, den 7.9. veranstaltete die Netzwerkstatt der Hillerschen Villa das mittlerweile traditionelle Kirchenkino in Gro\u00dfhennersdorf. Zu erleben gab es in diesem Jahr den Dokumentarfilm \u201eRabbi Wolff\u201c, den Filmemacherin Britta Wauer pr\u00e4sentierte. Ihr Film portr\u00e4tiert den Rabbiner William Wolff, der auf \u00a0\u2026 <a href=\"https:\/\/hillerschevilla.de\/netzwerkstatt-blog\/danke-rabbi-wolff\/\" rel=\"noopener noreferrer\">Weiterlesen<\/a><\/div><\/li>\n<li><div class=\"wp-block-latest-posts__featured-image aligncenter\"><img src=\"https:\/\/hillerschevilla.de\/netzwerkstatt-blog\/wp-content\/uploads\/2021\/08\/still-video-EVZ-290x151.png\" class=\"attachment-medium size-medium wp-post-image\" alt=\"\" decoding=\"async\" style=\"\" srcset=\"https:\/\/hillerschevilla.de\/netzwerkstatt-blog\/wp-content\/uploads\/2021\/08\/still-video-EVZ-290x151.png 290w, https:\/\/hillerschevilla.de\/netzwerkstatt-blog\/wp-content\/uploads\/2021\/08\/still-video-EVZ-449x234.png 449w, https:\/\/hillerschevilla.de\/netzwerkstatt-blog\/wp-content\/uploads\/2021\/08\/still-video-EVZ-940x489.png 940w, https:\/\/hillerschevilla.de\/netzwerkstatt-blog\/wp-content\/uploads\/2021\/08\/still-video-EVZ-768x400.png 768w, https:\/\/hillerschevilla.de\/netzwerkstatt-blog\/wp-content\/uploads\/2021\/08\/still-video-EVZ-1536x799.png 1536w, https:\/\/hillerschevilla.de\/netzwerkstatt-blog\/wp-content\/uploads\/2021\/08\/still-video-EVZ-211x110.png 211w, https:\/\/hillerschevilla.de\/netzwerkstatt-blog\/wp-content\/uploads\/2021\/08\/still-video-EVZ-300x156.png 300w, https:\/\/hillerschevilla.de\/netzwerkstatt-blog\/wp-content\/uploads\/2021\/08\/still-video-EVZ-1024x533.png 1024w, https:\/\/hillerschevilla.de\/netzwerkstatt-blog\/wp-content\/uploads\/2021\/08\/still-video-EVZ.png 1835w\" sizes=\"(max-width: 290px) 100vw, 290px\" \/><\/div><a class=\"wp-block-latest-posts__post-title\" href=\"https:\/\/hillerschevilla.de\/netzwerkstatt-blog\/rueckblick-mazewa-zeigt-den-juedischen-friedhof-aus-neuen-perspektiven\/\">R\u00fcckblick &#8211; MAZEWA zeigt den j\u00fcdischen Friedhof aus neuen Perspektiven<\/a><div class=\"wp-block-latest-posts__post-excerpt\">In den letzten zwei Juliwochen fand das MAZEWA \/ European Heritage Volunteers-Projekt zur innovativen Interpretation j\u00fcdischen Kulturerbes statt. Die zw\u00f6lf Teilnehmenden kamen aus elf verschiedenen L\u00e4ndern und sind allesamt junge Expert:innen aus den Bereichen Denkmalpflege, (Kunst)Geschichte, Arch\u00e4ologie, Kulturerbe- und Regionalmanagement. Gemeinsam \u00a0\u2026 <a href=\"https:\/\/hillerschevilla.de\/netzwerkstatt-blog\/rueckblick-mazewa-zeigt-den-juedischen-friedhof-aus-neuen-perspektiven\/\" rel=\"noopener noreferrer\">Weiterlesen<\/a><\/div><\/li>\n<li><div class=\"wp-block-latest-posts__featured-image aligncenter\"><img src=\"https:\/\/hillerschevilla.de\/netzwerkstatt-blog\/wp-content\/uploads\/2021\/07\/2021-07-25_Fuehrung-juedischer-Friedhof-mit-Claudia-Hiller_01-147x220.jpg\" class=\"attachment-medium size-medium wp-post-image\" alt=\"\" decoding=\"async\" style=\"\" srcset=\"https:\/\/hillerschevilla.de\/netzwerkstatt-blog\/wp-content\/uploads\/2021\/07\/2021-07-25_Fuehrung-juedischer-Friedhof-mit-Claudia-Hiller_01-147x220.jpg 147w, https:\/\/hillerschevilla.de\/netzwerkstatt-blog\/wp-content\/uploads\/2021\/07\/2021-07-25_Fuehrung-juedischer-Friedhof-mit-Claudia-Hiller_01-203x304.jpg 203w, https:\/\/hillerschevilla.de\/netzwerkstatt-blog\/wp-content\/uploads\/2021\/07\/2021-07-25_Fuehrung-juedischer-Friedhof-mit-Claudia-Hiller_01-460x690.jpg 460w, https:\/\/hillerschevilla.de\/netzwerkstatt-blog\/wp-content\/uploads\/2021\/07\/2021-07-25_Fuehrung-juedischer-Friedhof-mit-Claudia-Hiller_01-768x1152.jpg 768w, https:\/\/hillerschevilla.de\/netzwerkstatt-blog\/wp-content\/uploads\/2021\/07\/2021-07-25_Fuehrung-juedischer-Friedhof-mit-Claudia-Hiller_01-1024x1536.jpg 1024w, https:\/\/hillerschevilla.de\/netzwerkstatt-blog\/wp-content\/uploads\/2021\/07\/2021-07-25_Fuehrung-juedischer-Friedhof-mit-Claudia-Hiller_01-1365x2048.jpg 1365w, https:\/\/hillerschevilla.de\/netzwerkstatt-blog\/wp-content\/uploads\/2021\/07\/2021-07-25_Fuehrung-juedischer-Friedhof-mit-Claudia-Hiller_01-100x150.jpg 100w, https:\/\/hillerschevilla.de\/netzwerkstatt-blog\/wp-content\/uploads\/2021\/07\/2021-07-25_Fuehrung-juedischer-Friedhof-mit-Claudia-Hiller_01-200x300.jpg 200w, https:\/\/hillerschevilla.de\/netzwerkstatt-blog\/wp-content\/uploads\/2021\/07\/2021-07-25_Fuehrung-juedischer-Friedhof-mit-Claudia-Hiller_01-683x1024.jpg 683w, https:\/\/hillerschevilla.de\/netzwerkstatt-blog\/wp-content\/uploads\/2021\/07\/2021-07-25_Fuehrung-juedischer-Friedhof-mit-Claudia-Hiller_01-scaled.jpg 1707w\" sizes=\"(max-width: 147px) 100vw, 147px\" \/><\/div><a class=\"wp-block-latest-posts__post-title\" href=\"https:\/\/hillerschevilla.de\/netzwerkstatt-blog\/juedisches-leben-damals-und-heut\/\">J\u00fcdisches Leben &#8211; damals und heut<\/a><div class=\"wp-block-latest-posts__post-excerpt\">Die Geschichte unseres Vereins Hillerschen Villa ist eng mit der Familiengeschichte der Familie Hiller verbunden. Umso gl\u00fccklicher waren wir, als uns in der letzten Woche Claudia Siede-Hiller, Enkelin von Gustav Hiller (Gr\u00fcnder der Ph\u00e4nomenwerke Zittau), besuchte. Gemeinsam mit Ihrer Schwester Anne \u00a0\u2026 <a href=\"https:\/\/hillerschevilla.de\/netzwerkstatt-blog\/juedisches-leben-damals-und-heut\/\" rel=\"noopener noreferrer\">Weiterlesen<\/a><\/div><\/li>\n<li><div class=\"wp-block-latest-posts__featured-image aligncenter\"><img src=\"https:\/\/hillerschevilla.de\/netzwerkstatt-blog\/wp-content\/uploads\/2021\/05\/WhatsApp-Image-2020-08-05-at-17.38.55-3-edited-220x220.jpeg\" class=\"attachment-medium size-medium wp-post-image\" alt=\"\" decoding=\"async\" style=\"\" srcset=\"https:\/\/hillerschevilla.de\/netzwerkstatt-blog\/wp-content\/uploads\/2021\/05\/WhatsApp-Image-2020-08-05-at-17.38.55-3-edited-220x220.jpeg 220w, https:\/\/hillerschevilla.de\/netzwerkstatt-blog\/wp-content\/uploads\/2021\/05\/WhatsApp-Image-2020-08-05-at-17.38.55-3-edited-304x304.jpeg 304w, https:\/\/hillerschevilla.de\/netzwerkstatt-blog\/wp-content\/uploads\/2021\/05\/WhatsApp-Image-2020-08-05-at-17.38.55-3-edited-690x690.jpeg 690w, https:\/\/hillerschevilla.de\/netzwerkstatt-blog\/wp-content\/uploads\/2021\/05\/WhatsApp-Image-2020-08-05-at-17.38.55-3-edited-150x150.jpeg 150w, https:\/\/hillerschevilla.de\/netzwerkstatt-blog\/wp-content\/uploads\/2021\/05\/WhatsApp-Image-2020-08-05-at-17.38.55-3-edited-300x300.jpeg 300w, https:\/\/hillerschevilla.de\/netzwerkstatt-blog\/wp-content\/uploads\/2021\/05\/WhatsApp-Image-2020-08-05-at-17.38.55-3-edited.jpeg 768w\" sizes=\"(max-width: 220px) 100vw, 220px\" \/><\/div><a class=\"wp-block-latest-posts__post-title\" href=\"https:\/\/hillerschevilla.de\/netzwerkstatt-blog\/geschichten-der-befreiung\/\">Geschichten der Befreiung<\/a><div class=\"wp-block-latest-posts__post-excerpt\">Auf dem katholischen Friedhof im polnischen Sieniawka steht ein einzelnes j\u00fcdisches Grab. Es ist das Grab von Benjamin Zeev Schneider (1896-1945), der den 8. Mai 1945 nur um wenige Tage \u00fcberlebte.<\/div><\/li>\n<li><div class=\"wp-block-latest-posts__featured-image aligncenter\"><img src=\"https:\/\/hillerschevilla.de\/netzwerkstatt-blog\/wp-content\/uploads\/2021\/03\/Bertha-Hiller-Schaukelstuhl-290x198.jpg\" class=\"attachment-medium size-medium wp-post-image\" alt=\"\" decoding=\"async\" style=\"\" srcset=\"https:\/\/hillerschevilla.de\/netzwerkstatt-blog\/wp-content\/uploads\/2021\/03\/Bertha-Hiller-Schaukelstuhl-290x198.jpg 290w, https:\/\/hillerschevilla.de\/netzwerkstatt-blog\/wp-content\/uploads\/2021\/03\/Bertha-Hiller-Schaukelstuhl-445x304.jpg 445w, https:\/\/hillerschevilla.de\/netzwerkstatt-blog\/wp-content\/uploads\/2021\/03\/Bertha-Hiller-Schaukelstuhl-940x642.jpg 940w, https:\/\/hillerschevilla.de\/netzwerkstatt-blog\/wp-content\/uploads\/2021\/03\/Bertha-Hiller-Schaukelstuhl-768x524.jpg 768w, https:\/\/hillerschevilla.de\/netzwerkstatt-blog\/wp-content\/uploads\/2021\/03\/Bertha-Hiller-Schaukelstuhl-1536x1048.jpg 1536w, https:\/\/hillerschevilla.de\/netzwerkstatt-blog\/wp-content\/uploads\/2021\/03\/Bertha-Hiller-Schaukelstuhl-2048x1398.jpg 2048w, https:\/\/hillerschevilla.de\/netzwerkstatt-blog\/wp-content\/uploads\/2021\/03\/Bertha-Hiller-Schaukelstuhl-211x144.jpg 211w, https:\/\/hillerschevilla.de\/netzwerkstatt-blog\/wp-content\/uploads\/2021\/03\/Bertha-Hiller-Schaukelstuhl-300x205.jpg 300w, https:\/\/hillerschevilla.de\/netzwerkstatt-blog\/wp-content\/uploads\/2021\/03\/Bertha-Hiller-Schaukelstuhl-1024x699.jpg 1024w\" sizes=\"(max-width: 290px) 100vw, 290px\" \/><\/div><a class=\"wp-block-latest-posts__post-title\" href=\"https:\/\/hillerschevilla.de\/netzwerkstatt-blog\/wir-denken-an-bertha-hiller\/\">Wir denken an  Bertha Hiller<\/a><div class=\"wp-block-latest-posts__post-excerpt\">Am kommenden Freitag m\u00f6chten wir an Bertha Hiller (26.3.1869 bis 16.9.1942) erinnern. Gemeinsam mit Ihrem Mann Gustav Hiller, dem Gr\u00fcnder der Zittauer Ph\u00e4nomen-Werke (sp\u00e4ter Robur) lebte sie am Klienebergerplatz 1 \u2013 unserem heutigen Sitz unseres soziokulturellen Zentrums Hillersche Villa. Im Nachlass \u00a0\u2026 <a href=\"https:\/\/hillerschevilla.de\/netzwerkstatt-blog\/wir-denken-an-bertha-hiller\/\" rel=\"noopener noreferrer\">Weiterlesen<\/a><\/div><\/li>\n<li><div class=\"wp-block-latest-posts__featured-image aligncenter\"><img src=\"https:\/\/hillerschevilla.de\/netzwerkstatt-blog\/wp-content\/uploads\/2021\/02\/fot.-Jakub-Purej-290x193.jpg\" class=\"attachment-medium size-medium wp-post-image\" alt=\"\" decoding=\"async\" style=\"\" srcset=\"https:\/\/hillerschevilla.de\/netzwerkstatt-blog\/wp-content\/uploads\/2021\/02\/fot.-Jakub-Purej-290x193.jpg 290w, https:\/\/hillerschevilla.de\/netzwerkstatt-blog\/wp-content\/uploads\/2021\/02\/fot.-Jakub-Purej-449x299.jpg 449w, https:\/\/hillerschevilla.de\/netzwerkstatt-blog\/wp-content\/uploads\/2021\/02\/fot.-Jakub-Purej-940x627.jpg 940w, https:\/\/hillerschevilla.de\/netzwerkstatt-blog\/wp-content\/uploads\/2021\/02\/fot.-Jakub-Purej-768x512.jpg 768w, https:\/\/hillerschevilla.de\/netzwerkstatt-blog\/wp-content\/uploads\/2021\/02\/fot.-Jakub-Purej-1536x1024.jpg 1536w, https:\/\/hillerschevilla.de\/netzwerkstatt-blog\/wp-content\/uploads\/2021\/02\/fot.-Jakub-Purej-2048x1366.jpg 2048w, https:\/\/hillerschevilla.de\/netzwerkstatt-blog\/wp-content\/uploads\/2021\/02\/fot.-Jakub-Purej-211x141.jpg 211w, https:\/\/hillerschevilla.de\/netzwerkstatt-blog\/wp-content\/uploads\/2021\/02\/fot.-Jakub-Purej-300x200.jpg 300w, https:\/\/hillerschevilla.de\/netzwerkstatt-blog\/wp-content\/uploads\/2021\/02\/fot.-Jakub-Purej-1024x683.jpg 1024w, https:\/\/hillerschevilla.de\/netzwerkstatt-blog\/wp-content\/uploads\/2021\/02\/fot.-Jakub-Purej-930x620.jpg 930w\" sizes=\"(max-width: 290px) 100vw, 290px\" \/><\/div><a class=\"wp-block-latest-posts__post-title\" href=\"https:\/\/hillerschevilla.de\/netzwerkstatt-blog\/aufruf-erinnerungsstuecke-zum-ehemaligen-lager-stalag-viii-a-in-zgorzelec\/\">Aufruf: Erinnerungsst\u00fccke zum ehemaligen Lager Stalag VIII A in Zgorzelec gesucht!<\/a><div class=\"wp-block-latest-posts__post-excerpt\">Der Verein Meetingpoint Music Messiaen besch\u00e4ftigt sich seit 2006 mit der Erinnerung an das deutsche Kriegsgefangenenlager Stalag VIII A und dem dort inhaftierten Komponisten Olivier Messiaen. Aktuell ist der Verein auf der Suche nach bisher unbekanntem historischem Material und ver\u00f6ffentlichte dazu \u00a0\u2026 <a href=\"https:\/\/hillerschevilla.de\/netzwerkstatt-blog\/aufruf-erinnerungsstuecke-zum-ehemaligen-lager-stalag-viii-a-in-zgorzelec\/\" rel=\"noopener noreferrer\">Weiterlesen<\/a><\/div><\/li>\n<li><div class=\"wp-block-latest-posts__featured-image aligncenter\"><img src=\"https:\/\/hillerschevilla.de\/netzwerkstatt-blog\/wp-content\/uploads\/2021\/02\/Stein-Elsa-03-290x218.jpg\" class=\"attachment-medium size-medium wp-post-image\" alt=\"\" decoding=\"async\" style=\"\" srcset=\"https:\/\/hillerschevilla.de\/netzwerkstatt-blog\/wp-content\/uploads\/2021\/02\/Stein-Elsa-03-290x218.jpg 290w, https:\/\/hillerschevilla.de\/netzwerkstatt-blog\/wp-content\/uploads\/2021\/02\/Stein-Elsa-03-405x304.jpg 405w, https:\/\/hillerschevilla.de\/netzwerkstatt-blog\/wp-content\/uploads\/2021\/02\/Stein-Elsa-03-920x690.jpg 920w, https:\/\/hillerschevilla.de\/netzwerkstatt-blog\/wp-content\/uploads\/2021\/02\/Stein-Elsa-03-768x576.jpg 768w, https:\/\/hillerschevilla.de\/netzwerkstatt-blog\/wp-content\/uploads\/2021\/02\/Stein-Elsa-03-1536x1152.jpg 1536w, https:\/\/hillerschevilla.de\/netzwerkstatt-blog\/wp-content\/uploads\/2021\/02\/Stein-Elsa-03-2048x1536.jpg 2048w, https:\/\/hillerschevilla.de\/netzwerkstatt-blog\/wp-content\/uploads\/2021\/02\/Stein-Elsa-03-200x150.jpg 200w, https:\/\/hillerschevilla.de\/netzwerkstatt-blog\/wp-content\/uploads\/2021\/02\/Stein-Elsa-03-300x225.jpg 300w, https:\/\/hillerschevilla.de\/netzwerkstatt-blog\/wp-content\/uploads\/2021\/02\/Stein-Elsa-03-1024x768.jpg 1024w\" sizes=\"(max-width: 290px) 100vw, 290px\" \/><\/div><a class=\"wp-block-latest-posts__post-title\" href=\"https:\/\/hillerschevilla.de\/netzwerkstatt-blog\/die-zittauer-stolpersteinpatinnen-stellen-sich-vor\/\">Die Zittauer Stolpersteinpat*innen stellen sich vor<\/a><div class=\"wp-block-latest-posts__post-excerpt\">Seit 2018 engagieren sich die Zittauer Stolpersteinpat*innen f\u00fcr eine lebendige Erinnerungskultur. Gemeinsam mit der NETZWERKSTATT der Hillerschen Villa gestalten sie Gedenkveranstaltungen, besuchen Bildungs- und Gedenkorte und informieren ihre Mitmenschen \u00fcber die Auswirkungen des Holocaust auf die verfolgten Zittauer*innen. Mit den folgenden \u00a0\u2026 <a href=\"https:\/\/hillerschevilla.de\/netzwerkstatt-blog\/die-zittauer-stolpersteinpatinnen-stellen-sich-vor\/\" rel=\"noopener noreferrer\">Weiterlesen<\/a><\/div><\/li>\n<li><div class=\"wp-block-latest-posts__featured-image aligncenter\"><img src=\"https:\/\/hillerschevilla.de\/netzwerkstatt-blog\/wp-content\/uploads\/2020\/12\/menorah-with-candles-near-abstract-garland-lights-3-290x152.jpg\" class=\"attachment-medium size-medium wp-post-image\" alt=\"\" decoding=\"async\" style=\"\" srcset=\"https:\/\/hillerschevilla.de\/netzwerkstatt-blog\/wp-content\/uploads\/2020\/12\/menorah-with-candles-near-abstract-garland-lights-3-290x152.jpg 290w, https:\/\/hillerschevilla.de\/netzwerkstatt-blog\/wp-content\/uploads\/2020\/12\/menorah-with-candles-near-abstract-garland-lights-3-449x235.jpg 449w, https:\/\/hillerschevilla.de\/netzwerkstatt-blog\/wp-content\/uploads\/2020\/12\/menorah-with-candles-near-abstract-garland-lights-3-940x493.jpg 940w, https:\/\/hillerschevilla.de\/netzwerkstatt-blog\/wp-content\/uploads\/2020\/12\/menorah-with-candles-near-abstract-garland-lights-3-768x402.jpg 768w, https:\/\/hillerschevilla.de\/netzwerkstatt-blog\/wp-content\/uploads\/2020\/12\/menorah-with-candles-near-abstract-garland-lights-3-1536x805.jpg 1536w, https:\/\/hillerschevilla.de\/netzwerkstatt-blog\/wp-content\/uploads\/2020\/12\/menorah-with-candles-near-abstract-garland-lights-3-2048x1073.jpg 2048w, https:\/\/hillerschevilla.de\/netzwerkstatt-blog\/wp-content\/uploads\/2020\/12\/menorah-with-candles-near-abstract-garland-lights-3-211x111.jpg 211w, https:\/\/hillerschevilla.de\/netzwerkstatt-blog\/wp-content\/uploads\/2020\/12\/menorah-with-candles-near-abstract-garland-lights-3-300x157.jpg 300w, https:\/\/hillerschevilla.de\/netzwerkstatt-blog\/wp-content\/uploads\/2020\/12\/menorah-with-candles-near-abstract-garland-lights-3-1024x537.jpg 1024w\" sizes=\"(max-width: 290px) 100vw, 290px\" \/><\/div><a class=\"wp-block-latest-posts__post-title\" href=\"https:\/\/hillerschevilla.de\/netzwerkstatt-blog\/was-ist-eigentlich-chanukka\/\">Was ist eigentlich Chanukka?<\/a><div class=\"wp-block-latest-posts__post-excerpt\">Heute Abend beginnt der erste Tag des achtt\u00e4gigen j\u00fcdischen Chanukka-Festes. Obwohl aus religi\u00f6ser Sicht kein hoher Feiertag, ist Chanukka heute in der westlichen Welt das wohl bekannteste j\u00fcdische Fest, nicht zuletzt wegen seiner zeitlichen N\u00e4he zu Weihnachten. Die h\u00e4ufige Vermischung oder \u00a0\u2026 <a href=\"https:\/\/hillerschevilla.de\/netzwerkstatt-blog\/was-ist-eigentlich-chanukka\/\" rel=\"noopener noreferrer\">Weiterlesen<\/a><\/div><\/li>\n<li><div class=\"wp-block-latest-posts__featured-image aligncenter\"><img src=\"https:\/\/hillerschevilla.de\/netzwerkstatt-blog\/wp-content\/uploads\/2020\/11\/IMG_20201124_111913910-290x218.jpg\" class=\"attachment-medium size-medium wp-post-image\" alt=\"\" decoding=\"async\" style=\"\" srcset=\"https:\/\/hillerschevilla.de\/netzwerkstatt-blog\/wp-content\/uploads\/2020\/11\/IMG_20201124_111913910-290x218.jpg 290w, https:\/\/hillerschevilla.de\/netzwerkstatt-blog\/wp-content\/uploads\/2020\/11\/IMG_20201124_111913910-405x304.jpg 405w, https:\/\/hillerschevilla.de\/netzwerkstatt-blog\/wp-content\/uploads\/2020\/11\/IMG_20201124_111913910-920x690.jpg 920w, https:\/\/hillerschevilla.de\/netzwerkstatt-blog\/wp-content\/uploads\/2020\/11\/IMG_20201124_111913910-768x576.jpg 768w, https:\/\/hillerschevilla.de\/netzwerkstatt-blog\/wp-content\/uploads\/2020\/11\/IMG_20201124_111913910-1536x1152.jpg 1536w, https:\/\/hillerschevilla.de\/netzwerkstatt-blog\/wp-content\/uploads\/2020\/11\/IMG_20201124_111913910-2048x1536.jpg 2048w, https:\/\/hillerschevilla.de\/netzwerkstatt-blog\/wp-content\/uploads\/2020\/11\/IMG_20201124_111913910-200x150.jpg 200w, https:\/\/hillerschevilla.de\/netzwerkstatt-blog\/wp-content\/uploads\/2020\/11\/IMG_20201124_111913910-300x225.jpg 300w, https:\/\/hillerschevilla.de\/netzwerkstatt-blog\/wp-content\/uploads\/2020\/11\/IMG_20201124_111913910-1024x768.jpg 1024w\" sizes=\"(max-width: 290px) 100vw, 290px\" \/><\/div><a class=\"wp-block-latest-posts__post-title\" href=\"https:\/\/hillerschevilla.de\/netzwerkstatt-blog\/digitalisierung-des-archivs\/\">Digitalisierung des Archivs<\/a><div class=\"wp-block-latest-posts__post-excerpt\">Ich bin nun schon seit fast drei Monaten als FSJlerin in der Hillerschen Villa und das Coronavirus und der Lockdown machen sich nun endg\u00fcltig auch hier bemerkbar. Alle Veranstaltungen die f\u00fcr diesen Monat geplant waren, mussten leider abgesagt werden. Meine jetzige \u00a0\u2026 <a href=\"https:\/\/hillerschevilla.de\/netzwerkstatt-blog\/digitalisierung-des-archivs\/\" rel=\"noopener noreferrer\">Weiterlesen<\/a><\/div><\/li>\n<li><div class=\"wp-block-latest-posts__featured-image aligncenter\"><img src=\"https:\/\/hillerschevilla.de\/netzwerkstatt-blog\/wp-content\/uploads\/2020\/11\/00A9530-290x201.jpg\" class=\"attachment-medium size-medium wp-post-image\" alt=\"\" decoding=\"async\" style=\"\" srcset=\"https:\/\/hillerschevilla.de\/netzwerkstatt-blog\/wp-content\/uploads\/2020\/11\/00A9530-290x201.jpg 290w, https:\/\/hillerschevilla.de\/netzwerkstatt-blog\/wp-content\/uploads\/2020\/11\/00A9530-439x304.jpg 439w, https:\/\/hillerschevilla.de\/netzwerkstatt-blog\/wp-content\/uploads\/2020\/11\/00A9530-940x651.jpg 940w, https:\/\/hillerschevilla.de\/netzwerkstatt-blog\/wp-content\/uploads\/2020\/11\/00A9530-768x532.jpg 768w, https:\/\/hillerschevilla.de\/netzwerkstatt-blog\/wp-content\/uploads\/2020\/11\/00A9530-1536x1064.jpg 1536w, https:\/\/hillerschevilla.de\/netzwerkstatt-blog\/wp-content\/uploads\/2020\/11\/00A9530-2048x1419.jpg 2048w, https:\/\/hillerschevilla.de\/netzwerkstatt-blog\/wp-content\/uploads\/2020\/11\/00A9530-211x146.jpg 211w, https:\/\/hillerschevilla.de\/netzwerkstatt-blog\/wp-content\/uploads\/2020\/11\/00A9530-300x208.jpg 300w, https:\/\/hillerschevilla.de\/netzwerkstatt-blog\/wp-content\/uploads\/2020\/11\/00A9530-1024x710.jpg 1024w\" sizes=\"(max-width: 290px) 100vw, 290px\" \/><\/div><a class=\"wp-block-latest-posts__post-title\" href=\"https:\/\/hillerschevilla.de\/netzwerkstatt-blog\/konzert-livestream-und-historischer-stadtrundgang-zum-gedenken-an-die-novemberpogrome\/\">Konzert-Livestream und historischer Stadtrundgang zum Gedenken an die Novemberpogrome<\/a><div class=\"wp-block-latest-posts__post-excerpt\">Vor 82 Jahren erlebten j\u00fcdische Menschen in Zittau, in ganz Deutschland und dar\u00fcber hinaus eine Nacht, die vielen von ihnen jegliche Hoffnung auf eine lebenswerte Zukunft nahm. In der Pogromnacht des 9. November marschierten M\u00e4nner der Sturmabteilung durch die Zittauer Stra\u00dfen \u00a0\u2026 <a href=\"https:\/\/hillerschevilla.de\/netzwerkstatt-blog\/konzert-livestream-und-historischer-stadtrundgang-zum-gedenken-an-die-novemberpogrome\/\" rel=\"noopener noreferrer\">Weiterlesen<\/a><\/div><\/li>\n<li><div class=\"wp-block-latest-posts__featured-image aligncenter\"><img src=\"https:\/\/hillerschevilla.de\/netzwerkstatt-blog\/wp-content\/uploads\/2020\/10\/IMG_20201010_152236841-290x218.jpg\" class=\"attachment-medium size-medium wp-post-image\" alt=\"\" decoding=\"async\" style=\"\" srcset=\"https:\/\/hillerschevilla.de\/netzwerkstatt-blog\/wp-content\/uploads\/2020\/10\/IMG_20201010_152236841-290x218.jpg 290w, https:\/\/hillerschevilla.de\/netzwerkstatt-blog\/wp-content\/uploads\/2020\/10\/IMG_20201010_152236841-405x304.jpg 405w, https:\/\/hillerschevilla.de\/netzwerkstatt-blog\/wp-content\/uploads\/2020\/10\/IMG_20201010_152236841-920x690.jpg 920w, https:\/\/hillerschevilla.de\/netzwerkstatt-blog\/wp-content\/uploads\/2020\/10\/IMG_20201010_152236841-768x576.jpg 768w, https:\/\/hillerschevilla.de\/netzwerkstatt-blog\/wp-content\/uploads\/2020\/10\/IMG_20201010_152236841-1536x1152.jpg 1536w, https:\/\/hillerschevilla.de\/netzwerkstatt-blog\/wp-content\/uploads\/2020\/10\/IMG_20201010_152236841-2048x1536.jpg 2048w, https:\/\/hillerschevilla.de\/netzwerkstatt-blog\/wp-content\/uploads\/2020\/10\/IMG_20201010_152236841-200x150.jpg 200w, https:\/\/hillerschevilla.de\/netzwerkstatt-blog\/wp-content\/uploads\/2020\/10\/IMG_20201010_152236841-300x225.jpg 300w, https:\/\/hillerschevilla.de\/netzwerkstatt-blog\/wp-content\/uploads\/2020\/10\/IMG_20201010_152236841-1024x768.jpg 1024w\" sizes=\"(max-width: 290px) 100vw, 290px\" \/><\/div><a class=\"wp-block-latest-posts__post-title\" href=\"https:\/\/hillerschevilla.de\/netzwerkstatt-blog\/wie-viel-erinnerung-an-schreckliches-taugt-zur-demokratieerziehung\/\">Wie viel Erinnerung an Schreckliches taugt zur Demokratieerziehung?<\/a><div class=\"wp-block-latest-posts__post-excerpt\">Diese vom Historiker Dr. Justus Ulbricht in seinem Impulsreferat formulierte Frage war nur eine von vielen, die uns am vergangenen Samstag bei der ersten Regionalkonferenz der s\u00e4chsischen Landesarbeitsgemeinschaft Auseinandersetzung mit dem NS besch\u00e4ftigte. In den R\u00e4umlichkeiten der Gedenkst\u00e4tte Bautzen kamen haupt- \u00a0\u2026 <a href=\"https:\/\/hillerschevilla.de\/netzwerkstatt-blog\/wie-viel-erinnerung-an-schreckliches-taugt-zur-demokratieerziehung\/\" rel=\"noopener noreferrer\">Weiterlesen<\/a><\/div><\/li>\n<li><div class=\"wp-block-latest-posts__featured-image aligncenter\"><img src=\"https:\/\/hillerschevilla.de\/netzwerkstatt-blog\/wp-content\/uploads\/2020\/08\/versuchversuch-290x152.png\" class=\"attachment-medium size-medium wp-post-image\" alt=\"\" decoding=\"async\" style=\"\" srcset=\"https:\/\/hillerschevilla.de\/netzwerkstatt-blog\/wp-content\/uploads\/2020\/08\/versuchversuch-290x152.png 290w, https:\/\/hillerschevilla.de\/netzwerkstatt-blog\/wp-content\/uploads\/2020\/08\/versuchversuch-449x235.png 449w, https:\/\/hillerschevilla.de\/netzwerkstatt-blog\/wp-content\/uploads\/2020\/08\/versuchversuch-940x492.png 940w, https:\/\/hillerschevilla.de\/netzwerkstatt-blog\/wp-content\/uploads\/2020\/08\/versuchversuch-768x402.png 768w, https:\/\/hillerschevilla.de\/netzwerkstatt-blog\/wp-content\/uploads\/2020\/08\/versuchversuch-1536x804.png 1536w, https:\/\/hillerschevilla.de\/netzwerkstatt-blog\/wp-content\/uploads\/2020\/08\/versuchversuch-2048x1072.png 2048w, https:\/\/hillerschevilla.de\/netzwerkstatt-blog\/wp-content\/uploads\/2020\/08\/versuchversuch-211x110.png 211w, https:\/\/hillerschevilla.de\/netzwerkstatt-blog\/wp-content\/uploads\/2020\/08\/versuchversuch-300x157.png 300w, https:\/\/hillerschevilla.de\/netzwerkstatt-blog\/wp-content\/uploads\/2020\/08\/versuchversuch-1024x536.png 1024w\" sizes=\"(max-width: 290px) 100vw, 290px\" \/><\/div><a class=\"wp-block-latest-posts__post-title\" href=\"https:\/\/hillerschevilla.de\/netzwerkstatt-blog\/register-for-mazewa\/\">Register for our workcamp! #mazewa<\/a><div class=\"wp-block-latest-posts__post-excerpt\">An international workcamp for young volunteers in the heart of Europe! From 4th to 18th September we will revive the heritage of the Jewish cemetery bringing it into the digital age.Together, we will approach the cemetery with methods of heritage interpretation \u00a0\u2026 <a href=\"https:\/\/hillerschevilla.de\/netzwerkstatt-blog\/register-for-mazewa\/\" rel=\"noopener noreferrer\">Weiterlesen<\/a><\/div><\/li>\n<li><div class=\"wp-block-latest-posts__featured-image aligncenter\"><img src=\"https:\/\/hillerschevilla.de\/netzwerkstatt-blog\/wp-content\/uploads\/2020\/07\/J\u00fcdischer-Friedhof-ZI_Quelle-Netzwerkstatt-Hillersche-Villa-290x115.jpg\" class=\"attachment-medium size-medium wp-post-image\" alt=\"\" decoding=\"async\" style=\"\" srcset=\"https:\/\/hillerschevilla.de\/netzwerkstatt-blog\/wp-content\/uploads\/2020\/07\/J\u00fcdischer-Friedhof-ZI_Quelle-Netzwerkstatt-Hillersche-Villa-290x115.jpg 290w, https:\/\/hillerschevilla.de\/netzwerkstatt-blog\/wp-content\/uploads\/2020\/07\/J\u00fcdischer-Friedhof-ZI_Quelle-Netzwerkstatt-Hillersche-Villa-449x178.jpg 449w, https:\/\/hillerschevilla.de\/netzwerkstatt-blog\/wp-content\/uploads\/2020\/07\/J\u00fcdischer-Friedhof-ZI_Quelle-Netzwerkstatt-Hillersche-Villa-940x372.jpg 940w, https:\/\/hillerschevilla.de\/netzwerkstatt-blog\/wp-content\/uploads\/2020\/07\/J\u00fcdischer-Friedhof-ZI_Quelle-Netzwerkstatt-Hillersche-Villa-768x304.jpg 768w, https:\/\/hillerschevilla.de\/netzwerkstatt-blog\/wp-content\/uploads\/2020\/07\/J\u00fcdischer-Friedhof-ZI_Quelle-Netzwerkstatt-Hillersche-Villa-1536x608.jpg 1536w, https:\/\/hillerschevilla.de\/netzwerkstatt-blog\/wp-content\/uploads\/2020\/07\/J\u00fcdischer-Friedhof-ZI_Quelle-Netzwerkstatt-Hillersche-Villa-2048x811.jpg 2048w, https:\/\/hillerschevilla.de\/netzwerkstatt-blog\/wp-content\/uploads\/2020\/07\/J\u00fcdischer-Friedhof-ZI_Quelle-Netzwerkstatt-Hillersche-Villa-211x84.jpg 211w, https:\/\/hillerschevilla.de\/netzwerkstatt-blog\/wp-content\/uploads\/2020\/07\/J\u00fcdischer-Friedhof-ZI_Quelle-Netzwerkstatt-Hillersche-Villa-300x119.jpg 300w, https:\/\/hillerschevilla.de\/netzwerkstatt-blog\/wp-content\/uploads\/2020\/07\/J\u00fcdischer-Friedhof-ZI_Quelle-Netzwerkstatt-Hillersche-Villa-1024x405.jpg 1024w\" sizes=\"(max-width: 290px) 100vw, 290px\" \/><\/div><a class=\"wp-block-latest-posts__post-title\" href=\"https:\/\/hillerschevilla.de\/netzwerkstatt-blog\/fuehrungstermine-juedischer-friedhof\/\">F\u00fchrungstermine j\u00fcdischer Friedhof<\/a><div class=\"wp-block-latest-posts__post-excerpt\">Hiermit laden wir Sie zu zwei Sonderf\u00fchrungen auf den Zittauer j\u00fcdischen Friedhof ein. Bitte beachten Sie folgende Hinweise: &#8211;&nbsp; Termine: Donnerstag, 13.8. \u2013 16Uhr, Sonntag, 30.8. \u2013 11Uhr &#8211;&nbsp; Kosten: 3\u20ac p.P. &#8211;&nbsp; Eine vorherige Anmeldung ist erforderlich, unter: 03583 779622 \u00a0\u2026 <a href=\"https:\/\/hillerschevilla.de\/netzwerkstatt-blog\/fuehrungstermine-juedischer-friedhof\/\" rel=\"noopener noreferrer\">Weiterlesen<\/a><\/div><\/li>\n<li><div class=\"wp-block-latest-posts__featured-image aligncenter\"><img src=\"https:\/\/hillerschevilla.de\/netzwerkstatt-blog\/wp-content\/uploads\/2020\/02\/IMG_2863-290x193.jpg\" class=\"attachment-medium size-medium wp-post-image\" alt=\"\" decoding=\"async\" style=\"\" srcset=\"https:\/\/hillerschevilla.de\/netzwerkstatt-blog\/wp-content\/uploads\/2020\/02\/IMG_2863-290x193.jpg 290w, https:\/\/hillerschevilla.de\/netzwerkstatt-blog\/wp-content\/uploads\/2020\/02\/IMG_2863-449x299.jpg 449w, https:\/\/hillerschevilla.de\/netzwerkstatt-blog\/wp-content\/uploads\/2020\/02\/IMG_2863-940x627.jpg 940w, https:\/\/hillerschevilla.de\/netzwerkstatt-blog\/wp-content\/uploads\/2020\/02\/IMG_2863-768x512.jpg 768w, https:\/\/hillerschevilla.de\/netzwerkstatt-blog\/wp-content\/uploads\/2020\/02\/IMG_2863-1536x1024.jpg 1536w, https:\/\/hillerschevilla.de\/netzwerkstatt-blog\/wp-content\/uploads\/2020\/02\/IMG_2863-2048x1366.jpg 2048w, https:\/\/hillerschevilla.de\/netzwerkstatt-blog\/wp-content\/uploads\/2020\/02\/IMG_2863-211x141.jpg 211w, https:\/\/hillerschevilla.de\/netzwerkstatt-blog\/wp-content\/uploads\/2020\/02\/IMG_2863-300x200.jpg 300w, https:\/\/hillerschevilla.de\/netzwerkstatt-blog\/wp-content\/uploads\/2020\/02\/IMG_2863-1024x683.jpg 1024w, https:\/\/hillerschevilla.de\/netzwerkstatt-blog\/wp-content\/uploads\/2020\/02\/IMG_2863-624x416.jpg 624w\" sizes=\"(max-width: 290px) 100vw, 290px\" \/><\/div><a class=\"wp-block-latest-posts__post-title\" href=\"https:\/\/hillerschevilla.de\/netzwerkstatt-blog\/begegnung-juedisches-leben\/\">Begegnung j\u00fcdisches Leben<\/a><div class=\"wp-block-latest-posts__post-excerpt\">Wie schon die Jahre zuvor stand auch dieses Jahr wieder eine Begegnungswoche von F\u00f6rdersch\u00fclern und Gymnasiasten der Schulen aus Herrnhut im IBZ St. Marienthal an. Diese fand vom 5. Bis 8.11. statt und Stand dieses Jahr unter dem Thema j\u00fcdisches Leben. \u00a0\u2026 <a href=\"https:\/\/hillerschevilla.de\/netzwerkstatt-blog\/begegnung-juedisches-leben\/\" rel=\"noopener noreferrer\">Weiterlesen<\/a><\/div><\/li>\n<li><div class=\"wp-block-latest-posts__featured-image aligncenter\"><img src=\"https:\/\/hillerschevilla.de\/netzwerkstatt-blog\/wp-content\/uploads\/2017\/09\/IMG_1619.JPG-e1506685563780-277x220.jpg\" class=\"attachment-medium size-medium wp-post-image\" alt=\"\" decoding=\"async\" style=\"\" srcset=\"https:\/\/hillerschevilla.de\/netzwerkstatt-blog\/wp-content\/uploads\/2017\/09\/IMG_1619.JPG-e1506685563780-277x220.jpg 277w, https:\/\/hillerschevilla.de\/netzwerkstatt-blog\/wp-content\/uploads\/2017\/09\/IMG_1619.JPG-e1506685563780-382x304.jpg 382w, https:\/\/hillerschevilla.de\/netzwerkstatt-blog\/wp-content\/uploads\/2017\/09\/IMG_1619.JPG-e1506685563780-868x690.jpg 868w, https:\/\/hillerschevilla.de\/netzwerkstatt-blog\/wp-content\/uploads\/2017\/09\/IMG_1619.JPG-e1506685563780-768x611.jpg 768w, https:\/\/hillerschevilla.de\/netzwerkstatt-blog\/wp-content\/uploads\/2017\/09\/IMG_1619.JPG-e1506685563780-1536x1221.jpg 1536w, https:\/\/hillerschevilla.de\/netzwerkstatt-blog\/wp-content\/uploads\/2017\/09\/IMG_1619.JPG-e1506685563780-2048x1628.jpg 2048w, https:\/\/hillerschevilla.de\/netzwerkstatt-blog\/wp-content\/uploads\/2017\/09\/IMG_1619.JPG-e1506685563780-189x150.jpg 189w, https:\/\/hillerschevilla.de\/netzwerkstatt-blog\/wp-content\/uploads\/2017\/09\/IMG_1619.JPG-e1506685563780-300x239.jpg 300w, https:\/\/hillerschevilla.de\/netzwerkstatt-blog\/wp-content\/uploads\/2017\/09\/IMG_1619.JPG-e1506685563780-1024x814.jpg 1024w, https:\/\/hillerschevilla.de\/netzwerkstatt-blog\/wp-content\/uploads\/2017\/09\/IMG_1619.JPG-e1506685563780-624x496.jpg 624w\" sizes=\"(max-width: 277px) 100vw, 277px\" \/><\/div><a class=\"wp-block-latest-posts__post-title\" href=\"https:\/\/hillerschevilla.de\/netzwerkstatt-blog\/zahnbuersten-gegen-das-vergessen\/\">Zahnb\u00fcrsten gegen das Vergessen<\/a><div class=\"wp-block-latest-posts__post-excerpt\">Das Wetter am 08.09.2017 ist grau, die Menschen auf Zittaus Stra\u00dfen haben es eilig. Ein kleiner Junge l\u00e4uft quirlig \u00fcber den Johannisplatz \u2013 die Schule ist aus, der freie Nachmittag winkt. Aber ein ungew\u00f6hnliches Bild an der Ecke Bautzner Stra\u00dfe 2 \u00a0\u2026 <a href=\"https:\/\/hillerschevilla.de\/netzwerkstatt-blog\/zahnbuersten-gegen-das-vergessen\/\" rel=\"noopener noreferrer\">Weiterlesen<\/a><\/div><\/li>\n<li><div class=\"wp-block-latest-posts__featured-image aligncenter\"><img src=\"https:\/\/hillerschevilla.de\/netzwerkstatt-blog\/wp-content\/uploads\/2017\/02\/103.JPG-290x193.jpg\" class=\"attachment-medium size-medium wp-post-image\" alt=\"\" decoding=\"async\" style=\"\" srcset=\"https:\/\/hillerschevilla.de\/netzwerkstatt-blog\/wp-content\/uploads\/2017\/02\/103.JPG-290x193.jpg 290w, https:\/\/hillerschevilla.de\/netzwerkstatt-blog\/wp-content\/uploads\/2017\/02\/103.JPG-449x299.jpg 449w, https:\/\/hillerschevilla.de\/netzwerkstatt-blog\/wp-content\/uploads\/2017\/02\/103.JPG-940x627.jpg 940w, https:\/\/hillerschevilla.de\/netzwerkstatt-blog\/wp-content\/uploads\/2017\/02\/103.JPG-768x512.jpg 768w, https:\/\/hillerschevilla.de\/netzwerkstatt-blog\/wp-content\/uploads\/2017\/02\/103.JPG-1536x1024.jpg 1536w, https:\/\/hillerschevilla.de\/netzwerkstatt-blog\/wp-content\/uploads\/2017\/02\/103.JPG-2048x1365.jpg 2048w, https:\/\/hillerschevilla.de\/netzwerkstatt-blog\/wp-content\/uploads\/2017\/02\/103.JPG-211x141.jpg 211w, https:\/\/hillerschevilla.de\/netzwerkstatt-blog\/wp-content\/uploads\/2017\/02\/103.JPG-300x200.jpg 300w, https:\/\/hillerschevilla.de\/netzwerkstatt-blog\/wp-content\/uploads\/2017\/02\/103.JPG-1024x683.jpg 1024w, https:\/\/hillerschevilla.de\/netzwerkstatt-blog\/wp-content\/uploads\/2017\/02\/103.JPG-624x416.jpg 624w\" sizes=\"(max-width: 290px) 100vw, 290px\" \/><\/div><a class=\"wp-block-latest-posts__post-title\" href=\"https:\/\/hillerschevilla.de\/netzwerkstatt-blog\/film-und-kerzen-zum-gedenken-in-zittau\/\">Film und Kerzen zum Gedenken in Zittau<\/a><div class=\"wp-block-latest-posts__post-excerpt\">Anl\u00e4sslich des Internationalen Holocaustgedenktags, am 27. Januar zeigte die Netzwerkstatt der Hillerschen Villa, den Dokumentarfilm \u201eWir sind Juden aus Breslau\u201c im Kronenkino. Die Schicksale von 14, in Breslau geborenen, Menschen werden erz\u00e4hlt. Sie wurden in der Zeit des Nationalsozialismus als Juden \u00a0\u2026 <a href=\"https:\/\/hillerschevilla.de\/netzwerkstatt-blog\/film-und-kerzen-zum-gedenken-in-zittau\/\" rel=\"noopener noreferrer\">Weiterlesen<\/a><\/div><\/li>\n<\/ul>","protected":false},"excerpt":{"rendered":"<p>J\u00fcdischer Friedhof Zittau Den j\u00fcdischen Friedhof in Zittau gibt es seit 1887. Als Ort der Zusammenkunft und des Gedenkens an verstorbene Angeh\u00f6rige war er f\u00fcr die in Zittau lebenden j\u00fcdischen Menschen sehr wichtig. Im deutschen Sprachraum werden j\u00fcdische Friedh\u00f6fe auch als \u201eguter Ort\u201c bezeichnet: Der Tod ist ein Teil des Lebens und am guten Ort \u00a0\u2026 <a href=\"https:\/\/hillerschevilla.de\/netzwerkstatt-blog\/juedischer-friedhof\/\" rel=\"noopener noreferrer\">Weiterlesen<\/a><\/p>\n","protected":false},"author":1,"featured_media":557,"parent":0,"menu_order":0,"comment_status":"closed","ping_status":"closed","template":"","meta":{"_themeisle_gutenberg_block_has_review":false,"footnotes":""},"_links":{"self":[{"href":"https:\/\/hillerschevilla.de\/netzwerkstatt-blog\/wp-json\/wp\/v2\/pages\/414"}],"collection":[{"href":"https:\/\/hillerschevilla.de\/netzwerkstatt-blog\/wp-json\/wp\/v2\/pages"}],"about":[{"href":"https:\/\/hillerschevilla.de\/netzwerkstatt-blog\/wp-json\/wp\/v2\/types\/page"}],"author":[{"embeddable":true,"href":"https:\/\/hillerschevilla.de\/netzwerkstatt-blog\/wp-json\/wp\/v2\/users\/1"}],"replies":[{"embeddable":true,"href":"https:\/\/hillerschevilla.de\/netzwerkstatt-blog\/wp-json\/wp\/v2\/comments?post=414"}],"version-history":[{"count":9,"href":"https:\/\/hillerschevilla.de\/netzwerkstatt-blog\/wp-json\/wp\/v2\/pages\/414\/revisions"}],"predecessor-version":[{"id":1313,"href":"https:\/\/hillerschevilla.de\/netzwerkstatt-blog\/wp-json\/wp\/v2\/pages\/414\/revisions\/1313"}],"wp:featuredmedia":[{"embeddable":true,"href":"https:\/\/hillerschevilla.de\/netzwerkstatt-blog\/wp-json\/wp\/v2\/media\/557"}],"wp:attachment":[{"href":"https:\/\/hillerschevilla.de\/netzwerkstatt-blog\/wp-json\/wp\/v2\/media?parent=414"}],"curies":[{"name":"wp","href":"https:\/\/api.w.org\/{rel}","templated":true}]}}